{"id":1569,"date":"2026-02-16T11:34:36","date_gmt":"2026-02-16T10:34:36","guid":{"rendered":"https:\/\/elcauderibes.cat\/the-project\/"},"modified":"2026-04-14T20:43:23","modified_gmt":"2026-04-14T18:43:23","slug":"the-project","status":"publish","type":"page","link":"https:\/\/elcauderibes.cat\/en\/the-project\/","title":{"rendered":"The Project"},"content":{"rendered":"\t\t<div data-elementor-type=\"wp-page\" data-elementor-id=\"1569\" class=\"elementor elementor-1569 elementor-48\">\n\t\t\t\t<div class=\"elementor-element elementor-element-14802cc e-con-full e-flex wpr-particle-no wpr-jarallax-no wpr-parallax-no wpr-sticky-section-no wpr-equal-height-no e-con e-parent\" data-id=\"14802cc\" data-element_type=\"container\" data-e-type=\"container\" data-settings=\"{&quot;background_background&quot;:&quot;classic&quot;}\">\n\t\t<div class=\"elementor-element elementor-element-d448df9 e-flex e-con-boxed wpr-particle-no wpr-jarallax-no wpr-parallax-no wpr-sticky-section-no wpr-equal-height-no e-con e-child\" data-id=\"d448df9\" data-element_type=\"container\" data-e-type=\"container\">\n\t\t\t\t\t<div class=\"e-con-inner\">\n\t\t\t\t<div class=\"elementor-element elementor-element-1762050 elementor-widget elementor-widget-heading\" data-id=\"1762050\" data-element_type=\"widget\" data-e-type=\"widget\" data-widget_type=\"heading.default\">\n\t\t\t\t\t<h1 class=\"elementor-heading-title elementor-size-default\">The Project<\/h1>\t\t\t\t<\/div>\n\t\t\t\t<div class=\"elementor-element elementor-element-c3c572f elementor-widget elementor-widget-heading\" data-id=\"c3c572f\" data-element_type=\"widget\" data-e-type=\"widget\" data-widget_type=\"heading.default\">\n\t\t\t\t\t<h4 class=\"elementor-heading-title elementor-size-default\">El Cau is more than just an accommodation. It is a personal project by a couple in love with the Ribes Valley. <\/h4>\t\t\t\t<\/div>\n\t\t\t\t\t<\/div>\n\t\t\t\t<\/div>\n\t\t\t\t<div class=\"elementor-element elementor-element-82665f0 elementor-widget elementor-widget-image\" data-id=\"82665f0\" data-element_type=\"widget\" data-e-type=\"widget\" data-widget_type=\"image.default\">\n\t\t\t\t\t\t\t\t\t\t\t\t\t\t\t<img fetchpriority=\"high\" decoding=\"async\" width=\"1920\" height=\"187\" src=\"https:\/\/elcauderibes.cat\/wp-content\/uploads\/2026\/02\/El-Cau-de-Ribes-muntanyes-1.png\" class=\"attachment-full size-full wp-image-1494\" alt=\"\" srcset=\"https:\/\/elcauderibes.cat\/wp-content\/uploads\/2026\/02\/El-Cau-de-Ribes-muntanyes-1.png 1920w, https:\/\/elcauderibes.cat\/wp-content\/uploads\/2026\/02\/El-Cau-de-Ribes-muntanyes-1-300x29.png 300w, https:\/\/elcauderibes.cat\/wp-content\/uploads\/2026\/02\/El-Cau-de-Ribes-muntanyes-1-1024x100.png 1024w, https:\/\/elcauderibes.cat\/wp-content\/uploads\/2026\/02\/El-Cau-de-Ribes-muntanyes-1-768x75.png 768w, https:\/\/elcauderibes.cat\/wp-content\/uploads\/2026\/02\/El-Cau-de-Ribes-muntanyes-1-1536x150.png 1536w\" sizes=\"(max-width: 1920px) 100vw, 1920px\" \/>\t\t\t\t\t\t\t\t\t\t\t\t\t\t\t<\/div>\n\t\t\t\t<\/div>\n\t\t<div class=\"elementor-element elementor-element-ac2f43c e-flex e-con-boxed wpr-particle-no wpr-jarallax-no wpr-parallax-no wpr-sticky-section-no wpr-equal-height-no e-con e-parent\" data-id=\"ac2f43c\" data-element_type=\"container\" data-e-type=\"container\">\n\t\t\t\t\t<div class=\"e-con-inner\">\n\t\t<div class=\"elementor-element elementor-element-e1ac0be e-con-full e-flex wpr-particle-no wpr-jarallax-no wpr-parallax-no wpr-sticky-section-no wpr-equal-height-no e-con e-child\" data-id=\"e1ac0be\" data-element_type=\"container\" data-e-type=\"container\">\n\t\t\t\t<div class=\"elementor-element elementor-element-c7cce96 elementor-widget elementor-widget-image\" data-id=\"c7cce96\" data-element_type=\"widget\" data-e-type=\"widget\" data-widget_type=\"image.default\">\n\t\t\t\t\t\t\t\t\t\t\t\t\t\t\t<img decoding=\"async\" width=\"801\" height=\"601\" src=\"https:\/\/elcauderibes.cat\/wp-content\/uploads\/2026\/02\/El-Cau-de-Ribes-Jordi-i-Marta.jpg\" class=\"attachment-large size-large wp-image-1503\" alt=\"\" srcset=\"https:\/\/elcauderibes.cat\/wp-content\/uploads\/2026\/02\/El-Cau-de-Ribes-Jordi-i-Marta.jpg 801w, https:\/\/elcauderibes.cat\/wp-content\/uploads\/2026\/02\/El-Cau-de-Ribes-Jordi-i-Marta-300x225.jpg 300w, https:\/\/elcauderibes.cat\/wp-content\/uploads\/2026\/02\/El-Cau-de-Ribes-Jordi-i-Marta-768x576.jpg 768w\" sizes=\"(max-width: 801px) 100vw, 801px\" \/>\t\t\t\t\t\t\t\t\t\t\t\t\t\t\t<\/div>\n\t\t\t\t<div class=\"elementor-element elementor-element-819017b elementor-hidden-desktop elementor-hidden-mobile elementor-widget elementor-widget-image\" data-id=\"819017b\" data-element_type=\"widget\" data-e-type=\"widget\" data-widget_type=\"image.default\">\n\t\t\t\t\t\t\t\t\t\t\t\t\t\t\t<img decoding=\"async\" width=\"928\" height=\"850\" src=\"https:\/\/elcauderibes.cat\/wp-content\/uploads\/2026\/02\/ElCaudeRibes-imatges.jpg\" class=\"attachment-large size-large wp-image-1504\" alt=\"\" srcset=\"https:\/\/elcauderibes.cat\/wp-content\/uploads\/2026\/02\/ElCaudeRibes-imatges.jpg 928w, https:\/\/elcauderibes.cat\/wp-content\/uploads\/2026\/02\/ElCaudeRibes-imatges-300x275.jpg 300w, https:\/\/elcauderibes.cat\/wp-content\/uploads\/2026\/02\/ElCaudeRibes-imatges-768x703.jpg 768w\" sizes=\"(max-width: 928px) 100vw, 928px\" \/>\t\t\t\t\t\t\t\t\t\t\t\t\t\t\t<\/div>\n\t\t\t\t<\/div>\n\t\t<div class=\"elementor-element elementor-element-79e4cdf e-con-full e-flex wpr-particle-no wpr-jarallax-no wpr-parallax-no wpr-sticky-section-no wpr-equal-height-no e-con e-child\" data-id=\"79e4cdf\" data-element_type=\"container\" data-e-type=\"container\">\n\t\t\t\t<div class=\"elementor-element elementor-element-f13fee5 elementor-widget elementor-widget-text-editor\" data-id=\"f13fee5\" data-element_type=\"widget\" data-e-type=\"widget\" data-widget_type=\"text-editor.default\">\n\t\t\t\t\t\t\t\t\t<p>We are <span style=\"text-decoration: underline;\">Jordi and Marta<\/span>, a couple passionate about travelling and in love with the mountains, nature and the unique surroundings of Vall de Ribes.<\/p><p>We offer you a unique experience through a personalized stay. We offer advice, listening to your interests to help you make the most of your days in the mountains. We&#8217;ll welcome you in person on arrival and, if you wish, we can help you plan and design your explorations, routes and visits according to your preferences.  <\/p><p>We&#8217;re close to you, just ask!<\/p>\t\t\t\t\t\t\t\t<\/div>\n\t\t\t\t<\/div>\n\t\t\t\t\t<\/div>\n\t\t\t\t<\/div>\n\t\t<div class=\"elementor-element elementor-element-a7c9b4f e-flex e-con-boxed wpr-particle-no wpr-jarallax-no wpr-parallax-no wpr-sticky-section-no wpr-equal-height-no e-con e-parent\" data-id=\"a7c9b4f\" data-element_type=\"container\" data-e-type=\"container\">\n\t\t\t\t\t<div class=\"e-con-inner\">\n\t\t\t\t<div class=\"elementor-element elementor-element-5668ed2 elementor-widget elementor-widget-text-editor\" data-id=\"5668ed2\" data-element_type=\"widget\" data-e-type=\"widget\" data-widget_type=\"text-editor.default\">\n\t\t\t\t\t\t\t\t\t<h4>We believe in <span style=\"text-decoration: underline;\">mindful, respectful and sustainable<\/span> tourism. That&#8217;s why we offer you comfortable accommodation, thoughtfully designed and equipped to become your own space. <\/h4>\t\t\t\t\t\t\t\t<\/div>\n\t\t\t\t<div class=\"elementor-element elementor-element-65ccac3 elementor-widget elementor-widget-text-editor\" data-id=\"65ccac3\" data-element_type=\"widget\" data-e-type=\"widget\" data-widget_type=\"text-editor.default\">\n\t\t\t\t\t\t\t\t\t<p>We love the local area, and we have formed to understand and explain it, with the aim of contributing to a more mindful and respectful way of travelling.<\/p>\t\t\t\t\t\t\t\t<\/div>\n\t\t\t\t\t<\/div>\n\t\t\t\t<\/div>\n\t\t<div class=\"elementor-element elementor-element-f8db935 e-flex e-con-boxed wpr-particle-no wpr-jarallax-no wpr-parallax-no wpr-sticky-section-no wpr-equal-height-no e-con e-parent\" data-id=\"f8db935\" data-element_type=\"container\" data-e-type=\"container\">\n\t\t\t\t\t<div class=\"e-con-inner\">\n\t\t<div class=\"elementor-element elementor-element-01a5f08 e-con-full e-flex wpr-particle-no wpr-jarallax-no wpr-parallax-no wpr-sticky-section-no wpr-equal-height-no e-con e-child\" data-id=\"01a5f08\" data-element_type=\"container\" data-e-type=\"container\">\n\t\t<div class=\"elementor-element elementor-element-0f107f2 e-con-full e-flex wpr-particle-no wpr-jarallax-no wpr-parallax-no wpr-sticky-section-no wpr-equal-height-no e-con e-child\" data-id=\"0f107f2\" data-element_type=\"container\" data-e-type=\"container\">\n\t\t\t\t<div class=\"elementor-element elementor-element-d38b3c0 elementor-widget elementor-widget-text-editor\" data-id=\"d38b3c0\" data-element_type=\"widget\" data-e-type=\"widget\" data-widget_type=\"text-editor.default\">\n\t\t\t\t\t\t\t\t\t<h3>We are an Information Point for the Natural Park of the Ter and Freser Headwaters.<\/h3>\t\t\t\t\t\t\t\t<\/div>\n\t\t\t\t<div class=\"elementor-element elementor-element-4b9eb6a elementor-hidden-desktop elementor-hidden-mobile elementor-arrows-position-inside elementor-widget elementor-widget-image-carousel\" data-id=\"4b9eb6a\" data-element_type=\"widget\" data-e-type=\"widget\" data-settings=\"{&quot;slides_to_show&quot;:&quot;1&quot;,&quot;navigation&quot;:&quot;arrows&quot;,&quot;infinite&quot;:&quot;yes&quot;,&quot;effect&quot;:&quot;slide&quot;,&quot;speed&quot;:500}\" data-widget_type=\"image-carousel.default\">\n\t\t\t\t\t\t\t<div class=\"elementor-image-carousel-wrapper swiper\" role=\"region\" aria-roledescription=\"carousel\" aria-label=\"Menjador\" dir=\"ltr\">\n\t\t\t<div class=\"elementor-image-carousel swiper-wrapper\" aria-live=\"polite\">\n\t\t\t\t\t\t\t\t<div class=\"swiper-slide\" role=\"group\" aria-roledescription=\"slide\" aria-label=\"1 of 4\"><figure class=\"swiper-slide-inner\"><img decoding=\"async\" class=\"swiper-slide-image\" src=\"https:\/\/elcauderibes.cat\/wp-content\/uploads\/elementor\/thumbs\/El-Cau-de-Ribes-Capcaleres-Ter-i-Freser-2-1-rjz2yo5xx8s55u0m6y8vwhwzavpzhpwgnsc9dovnjc.jpg\" alt=\"El-Cau-de-Ribes-Capcaleres-Ter-i-Freser-2\" \/><\/figure><\/div><div class=\"swiper-slide\" role=\"group\" aria-roledescription=\"slide\" aria-label=\"2 of 4\"><figure class=\"swiper-slide-inner\"><img decoding=\"async\" class=\"swiper-slide-image\" src=\"https:\/\/elcauderibes.cat\/wp-content\/uploads\/elementor\/thumbs\/El-Cau-de-Ribes-Capcaleres-Ter-i-Freser-3-1-rjz2yo5xx8s55u0m6y8vwhwzavpzhpwgnsc9dovnjc.jpg\" alt=\"El-Cau-de-Ribes-Capcaleres-Ter-i-Freser-3\" \/><\/figure><\/div><div class=\"swiper-slide\" role=\"group\" aria-roledescription=\"slide\" aria-label=\"3 of 4\"><figure class=\"swiper-slide-inner\"><img decoding=\"async\" class=\"swiper-slide-image\" src=\"https:\/\/elcauderibes.cat\/wp-content\/uploads\/elementor\/thumbs\/El-Cau-de-Ribes-Capcaleres-Ter-i-Freser-1-1-rjz2yo5xx8s55u0m6y8vwhwzavpzhpwgnsc9dovnjc.jpg\" alt=\"El-Cau-de-Ribes-Capcaleres-Ter-i-Freser-1\" \/><\/figure><\/div><div class=\"swiper-slide\" role=\"group\" aria-roledescription=\"slide\" aria-label=\"4 of 4\"><figure class=\"swiper-slide-inner\"><img decoding=\"async\" class=\"swiper-slide-image\" src=\"https:\/\/elcauderibes.cat\/wp-content\/uploads\/elementor\/thumbs\/El-Cau-de-Ribes-Capcaleres-Ter-i-Freser-4-1-rjz2yo5xx8s55u0m6y8vwhwzavpzhpwgnsc9dovnjc.jpg\" alt=\"El-Cau-de-Ribes-Capcaleres-Ter-i-Freser-4\" \/><\/figure><\/div>\t\t\t<\/div>\n\t\t\t\t\t\t\t\t\t\t\t\t<div class=\"elementor-swiper-button elementor-swiper-button-prev\" role=\"button\" tabindex=\"0\">\n\t\t\t\t\t\t<svg aria-hidden=\"true\" class=\"e-font-icon-svg e-eicon-chevron-left\" viewBox=\"0 0 1000 1000\" xmlns=\"http:\/\/www.w3.org\/2000\/svg\"><path d=\"M646 125C629 125 613 133 604 142L308 442C296 454 292 471 292 487 292 504 296 521 308 533L604 854C617 867 629 875 646 875 663 875 679 871 692 858 704 846 713 829 713 812 713 796 708 779 692 767L438 487 692 225C700 217 708 204 708 187 708 171 704 154 692 142 675 129 663 125 646 125Z\"><\/path><\/svg>\t\t\t\t\t<\/div>\n\t\t\t\t\t<div class=\"elementor-swiper-button elementor-swiper-button-next\" role=\"button\" tabindex=\"0\">\n\t\t\t\t\t\t<svg aria-hidden=\"true\" class=\"e-font-icon-svg e-eicon-chevron-right\" viewBox=\"0 0 1000 1000\" xmlns=\"http:\/\/www.w3.org\/2000\/svg\"><path d=\"M696 533C708 521 713 504 713 487 713 471 708 454 696 446L400 146C388 133 375 125 354 125 338 125 325 129 313 142 300 154 292 171 292 187 292 204 296 221 308 233L563 492 304 771C292 783 288 800 288 817 288 833 296 850 308 863 321 871 338 875 354 875 371 875 388 867 400 854L696 533Z\"><\/path><\/svg>\t\t\t\t\t<\/div>\n\t\t\t\t\n\t\t\t\t\t\t\t\t\t<\/div>\n\t\t\t\t\t\t<\/div>\n\t\t\t\t<\/div>\n\t\t<div class=\"elementor-element elementor-element-8fe80a7 e-con-full elementor-hidden-tablet e-flex wpr-particle-no wpr-jarallax-no wpr-parallax-no wpr-sticky-section-no wpr-equal-height-no e-con e-child\" data-id=\"8fe80a7\" data-element_type=\"container\" data-e-type=\"container\">\n\t\t\t\t<div class=\"elementor-element elementor-element-d9a9c4d elementor-arrows-position-inside elementor-widget elementor-widget-image-carousel\" data-id=\"d9a9c4d\" data-element_type=\"widget\" data-e-type=\"widget\" data-settings=\"{&quot;slides_to_show&quot;:&quot;1&quot;,&quot;navigation&quot;:&quot;arrows&quot;,&quot;infinite&quot;:&quot;yes&quot;,&quot;effect&quot;:&quot;slide&quot;,&quot;speed&quot;:500}\" data-widget_type=\"image-carousel.default\">\n\t\t\t\t\t\t\t<div class=\"elementor-image-carousel-wrapper swiper\" role=\"region\" aria-roledescription=\"carousel\" aria-label=\"Menjador\" dir=\"ltr\">\n\t\t\t<div class=\"elementor-image-carousel swiper-wrapper\" aria-live=\"polite\">\n\t\t\t\t\t\t\t\t<div class=\"swiper-slide\" role=\"group\" aria-roledescription=\"slide\" aria-label=\"1 of 4\"><figure class=\"swiper-slide-inner\"><img decoding=\"async\" class=\"swiper-slide-image\" src=\"https:\/\/elcauderibes.cat\/wp-content\/uploads\/elementor\/thumbs\/El-Cau-de-Ribes-Capcaleres-Ter-i-Freser-2-1-rjz2yo5xx8svrek6tuj2zqhzsvpg5dh01bhg0jd4ak.jpg\" alt=\"El-Cau-de-Ribes-Capcaleres-Ter-i-Freser-2\" \/><\/figure><\/div><div class=\"swiper-slide\" role=\"group\" aria-roledescription=\"slide\" aria-label=\"2 of 4\"><figure class=\"swiper-slide-inner\"><img decoding=\"async\" class=\"swiper-slide-image\" src=\"https:\/\/elcauderibes.cat\/wp-content\/uploads\/elementor\/thumbs\/El-Cau-de-Ribes-Capcaleres-Ter-i-Freser-3-1-rjz2yo5xx8svrek6tuj2zqhzsvpg5dh01bhg0jd4ak.jpg\" alt=\"El-Cau-de-Ribes-Capcaleres-Ter-i-Freser-3\" \/><\/figure><\/div><div class=\"swiper-slide\" role=\"group\" aria-roledescription=\"slide\" aria-label=\"3 of 4\"><figure class=\"swiper-slide-inner\"><img decoding=\"async\" class=\"swiper-slide-image\" src=\"https:\/\/elcauderibes.cat\/wp-content\/uploads\/elementor\/thumbs\/El-Cau-de-Ribes-Capcaleres-Ter-i-Freser-1-1-rjz2yo5xx8svrek6tuj2zqhzsvpg5dh01bhg0jd4ak.jpg\" alt=\"El-Cau-de-Ribes-Capcaleres-Ter-i-Freser-1\" \/><\/figure><\/div><div class=\"swiper-slide\" role=\"group\" aria-roledescription=\"slide\" aria-label=\"4 of 4\"><figure class=\"swiper-slide-inner\"><img decoding=\"async\" class=\"swiper-slide-image\" src=\"https:\/\/elcauderibes.cat\/wp-content\/uploads\/elementor\/thumbs\/El-Cau-de-Ribes-Capcaleres-Ter-i-Freser-4-1-rjz2yo5xx8svrek6tuj2zqhzsvpg5dh01bhg0jd4ak.jpg\" alt=\"El-Cau-de-Ribes-Capcaleres-Ter-i-Freser-4\" \/><\/figure><\/div>\t\t\t<\/div>\n\t\t\t\t\t\t\t\t\t\t\t\t<div class=\"elementor-swiper-button elementor-swiper-button-prev\" role=\"button\" tabindex=\"0\">\n\t\t\t\t\t\t<svg aria-hidden=\"true\" class=\"e-font-icon-svg e-eicon-chevron-left\" viewBox=\"0 0 1000 1000\" xmlns=\"http:\/\/www.w3.org\/2000\/svg\"><path d=\"M646 125C629 125 613 133 604 142L308 442C296 454 292 471 292 487 292 504 296 521 308 533L604 854C617 867 629 875 646 875 663 875 679 871 692 858 704 846 713 829 713 812 713 796 708 779 692 767L438 487 692 225C700 217 708 204 708 187 708 171 704 154 692 142 675 129 663 125 646 125Z\"><\/path><\/svg>\t\t\t\t\t<\/div>\n\t\t\t\t\t<div class=\"elementor-swiper-button elementor-swiper-button-next\" role=\"button\" tabindex=\"0\">\n\t\t\t\t\t\t<svg aria-hidden=\"true\" class=\"e-font-icon-svg e-eicon-chevron-right\" viewBox=\"0 0 1000 1000\" xmlns=\"http:\/\/www.w3.org\/2000\/svg\"><path d=\"M696 533C708 521 713 504 713 487 713 471 708 454 696 446L400 146C388 133 375 125 354 125 338 125 325 129 313 142 300 154 292 171 292 187 292 204 296 221 308 233L563 492 304 771C292 783 288 800 288 817 288 833 296 850 308 863 321 871 338 875 354 875 371 875 388 867 400 854L696 533Z\"><\/path><\/svg>\t\t\t\t\t<\/div>\n\t\t\t\t\n\t\t\t\t\t\t\t\t\t<\/div>\n\t\t\t\t\t\t<\/div>\n\t\t\t\t<\/div>\n\t\t<div class=\"elementor-element elementor-element-59a02f4 e-con-full e-flex wpr-particle-no wpr-jarallax-no wpr-parallax-no wpr-sticky-section-no wpr-equal-height-no e-con e-child\" data-id=\"59a02f4\" data-element_type=\"container\" data-e-type=\"container\">\n\t\t\t\t<div class=\"elementor-element elementor-element-ed41197 elementor-widget elementor-widget-text-editor\" data-id=\"ed41197\" data-element_type=\"widget\" data-e-type=\"widget\" data-widget_type=\"text-editor.default\">\n\t\t\t\t\t\t\t\t\t<p>El Cau de Ribes is officially accredited as an Information Point for the Natural Park of the Ter and Freser Headwaters. We have taken part in the first edition of the Good Park Knower course and our accommodation has entered into a collaboration agreement with the management body of the PNCTF to contribute to the dissemination and knowledge of visitors to the environment and the values of the park. <\/p>\t\t\t\t\t\t\t\t<\/div>\n\t\t\t\t<div class=\"elementor-element elementor-element-7b441aa elementor-widget elementor-widget-n-accordion\" data-id=\"7b441aa\" data-element_type=\"widget\" data-e-type=\"widget\" data-settings=\"{&quot;default_state&quot;:&quot;all_collapsed&quot;,&quot;max_items_expended&quot;:&quot;one&quot;,&quot;n_accordion_animation_duration&quot;:{&quot;unit&quot;:&quot;ms&quot;,&quot;size&quot;:400,&quot;sizes&quot;:[]}}\" data-widget_type=\"nested-accordion.default\">\n\t\t\t\t\t\t\t<div class=\"e-n-accordion\" aria-label=\"Accordion. Open links with Enter or Space, close with Escape, and navigate with Arrow Keys\">\n\t\t\t\t\t\t<details id=\"e-n-accordion-item-1290\" class=\"e-n-accordion-item\" >\n\t\t\t\t<summary class=\"e-n-accordion-item-title\" data-accordion-index=\"1\" tabindex=\"0\" aria-expanded=\"false\" aria-controls=\"e-n-accordion-item-1290\" >\n\t\t\t\t\t<span class='e-n-accordion-item-title-header'><div class=\"e-n-accordion-item-title-text\"> More info <\/div><\/span>\n\t\t\t\t\t\t\t<span class='e-n-accordion-item-title-icon'>\n\t\t\t<span class='e-opened' ><svg xmlns=\"http:\/\/www.w3.org\/2000\/svg\" id=\"Capa_1\" data-name=\"Capa 1\" viewBox=\"0 0 23.42 32\"><defs><style>.cls-1{fill:none;stroke:#000;stroke-linecap:round;stroke-linejoin:round;stroke-width:1.2px;}<\/style><\/defs><polyline class=\"cls-1\" points=\"0.76 11.96 11.71 1.01 22.66 11.96\"><\/polyline><line class=\"cls-1\" x1=\"11.82\" y1=\"1.61\" x2=\"11.82\" y2=\"28.99\"><\/line><\/svg><\/span>\n\t\t\t<span class='e-closed'><svg xmlns=\"http:\/\/www.w3.org\/2000\/svg\" id=\"Capa_1\" data-name=\"Capa 1\" viewBox=\"0 0 23.42 32\"><defs><style>.cls-1{fill:none;stroke:#000;stroke-linecap:round;stroke-linejoin:round;stroke-width:1.2px;}<\/style><\/defs><polyline class=\"cls-1\" points=\"22.66 18.04 11.71 28.99 0.76 18.04\"><\/polyline><line class=\"cls-1\" x1=\"11.6\" y1=\"28.39\" x2=\"11.6\" y2=\"1.01\"><\/line><\/svg><\/span>\n\t\t<\/span>\n\n\t\t\t\t\t\t<\/summary>\n\t\t\t\t<div role=\"region\" aria-labelledby=\"e-n-accordion-item-1290\" class=\"elementor-element elementor-element-a14da72 e-con-full e-flex wpr-particle-no wpr-jarallax-no wpr-parallax-no wpr-sticky-section-no wpr-equal-height-no e-con e-child\" data-id=\"a14da72\" data-element_type=\"container\" data-e-type=\"container\">\n\t\t\t\t<div class=\"elementor-element elementor-element-cfabde2 elementor-widget elementor-widget-text-editor\" data-id=\"cfabde2\" data-element_type=\"widget\" data-e-type=\"widget\" data-widget_type=\"text-editor.default\">\n\t\t\t\t\t\t\t\t\t<p>Declared in 2015, this natural park is located in the eastern Pyrenees and covers an area of 14,500 hectares within the Ripoll\u00e8s region. With peaks that reach nearly 3,000 meters, it defines a unique natural space, a typical example of high Pyrenean mountain terrain descending toward the Mediterranean. It is of special significance for its natural and intangible heritage.  <\/p>\t\t\t\t\t\t\t\t<\/div>\n\t\t\t\t<\/div>\n\t\t\t\t\t<\/details>\n\t\t\t\t\t\t<details id=\"e-n-accordion-item-1291\" class=\"e-n-accordion-item\" >\n\t\t\t\t<summary class=\"e-n-accordion-item-title\" data-accordion-index=\"2\" tabindex=\"-1\" aria-expanded=\"false\" aria-controls=\"e-n-accordion-item-1291\" >\n\t\t\t\t\t<span class='e-n-accordion-item-title-header'><div class=\"e-n-accordion-item-title-text\"> Itiner\u00e0nnia routes net <\/div><\/span>\n\t\t\t\t\t\t\t<span class='e-n-accordion-item-title-icon'>\n\t\t\t<span class='e-opened' ><svg xmlns=\"http:\/\/www.w3.org\/2000\/svg\" id=\"Capa_1\" data-name=\"Capa 1\" viewBox=\"0 0 23.42 32\"><defs><style>.cls-1{fill:none;stroke:#000;stroke-linecap:round;stroke-linejoin:round;stroke-width:1.2px;}<\/style><\/defs><polyline class=\"cls-1\" points=\"0.76 11.96 11.71 1.01 22.66 11.96\"><\/polyline><line class=\"cls-1\" x1=\"11.82\" y1=\"1.61\" x2=\"11.82\" y2=\"28.99\"><\/line><\/svg><\/span>\n\t\t\t<span class='e-closed'><svg xmlns=\"http:\/\/www.w3.org\/2000\/svg\" id=\"Capa_1\" data-name=\"Capa 1\" viewBox=\"0 0 23.42 32\"><defs><style>.cls-1{fill:none;stroke:#000;stroke-linecap:round;stroke-linejoin:round;stroke-width:1.2px;}<\/style><\/defs><polyline class=\"cls-1\" points=\"22.66 18.04 11.71 28.99 0.76 18.04\"><\/polyline><line class=\"cls-1\" x1=\"11.6\" y1=\"28.39\" x2=\"11.6\" y2=\"1.01\"><\/line><\/svg><\/span>\n\t\t<\/span>\n\n\t\t\t\t\t\t<\/summary>\n\t\t\t\t<div role=\"region\" aria-labelledby=\"e-n-accordion-item-1291\" class=\"elementor-element elementor-element-a078cb3 e-flex e-con-boxed wpr-particle-no wpr-jarallax-no wpr-parallax-no wpr-sticky-section-no wpr-equal-height-no e-con e-child\" data-id=\"a078cb3\" data-element_type=\"container\" data-e-type=\"container\">\n\t\t\t\t\t<div class=\"e-con-inner\">\n\t\t\t\t<div class=\"elementor-element elementor-element-a54af57 elementor-widget elementor-widget-text-editor\" data-id=\"a54af57\" data-element_type=\"widget\" data-e-type=\"widget\" data-widget_type=\"text-editor.default\">\n\t\t\t\t\t\t\t\t\t<p>Itiner\u00e0nnia is a 2,500-kilometer trail network linking the Ripoll\u00e8s, Garrotxa, and Alt Empord\u00e0 regions.<\/p>\t\t\t\t\t\t\t\t<\/div>\n\t\t\t\t<div class=\"elementor-element elementor-element-5feb4ae elementor-widget elementor-widget-button\" data-id=\"5feb4ae\" data-element_type=\"widget\" data-e-type=\"widget\" data-widget_type=\"button.default\">\n\t\t\t\t\t\t\t\t\t\t<a class=\"elementor-button elementor-button-link elementor-size-sm\" href=\"https:\/\/www.itinerannia.net\/ca\/itineraris\/?filter%5B6169%5D=50801\" target=\"_blank\">\n\t\t\t\t\t\t<span class=\"elementor-button-content-wrapper\">\n\t\t\t\t\t\t\t\t\t<span class=\"elementor-button-text\">Itiner\u00e0nnia Routes in Vall de Ribes<\/span>\n\t\t\t\t\t<\/span>\n\t\t\t\t\t<\/a>\n\t\t\t\t\t\t\t\t<\/div>\n\t\t\t\t\t<\/div>\n\t\t\t\t<\/div>\n\t\t\t\t\t<\/details>\n\t\t\t\t\t<\/div>\n\t\t\t\t\t\t<\/div>\n\t\t\t\t<\/div>\n\t\t\t\t<\/div>\n\t\t<div class=\"elementor-element elementor-element-63f715a e-con-full e-flex wpr-particle-no wpr-jarallax-no wpr-parallax-no wpr-sticky-section-no wpr-equal-height-no e-con e-child\" data-id=\"63f715a\" data-element_type=\"container\" data-e-type=\"container\">\n\t\t\t\t<div class=\"elementor-element elementor-element-d0b81b2 elementor-align-center elementor-widget elementor-widget-button\" data-id=\"d0b81b2\" data-element_type=\"widget\" data-e-type=\"widget\" data-widget_type=\"button.default\">\n\t\t\t\t\t\t\t\t\t\t<a class=\"elementor-button elementor-button-link elementor-size-sm\" href=\"https:\/\/parcsnaturals.gencat.cat\/ca\/xarxa-de-parcs\/ter-freser\/inici\/\" target=\"_blank\">\n\t\t\t\t\t\t<span class=\"elementor-button-content-wrapper\">\n\t\t\t\t\t\t\t\t\t<span class=\"elementor-button-text\">Official web ot the Natural Park<\/span>\n\t\t\t\t\t<\/span>\n\t\t\t\t\t<\/a>\n\t\t\t\t\t\t\t\t<\/div>\n\t\t\t\t<div class=\"elementor-element elementor-element-9446aca elementor-align-center elementor-widget elementor-widget-button\" data-id=\"9446aca\" data-element_type=\"widget\" data-e-type=\"widget\" data-widget_type=\"button.default\">\n\t\t\t\t\t\t\t\t\t\t<a class=\"elementor-button elementor-button-link elementor-size-sm\" href=\"https:\/\/parcsnaturals.gencat.cat\/ca\/xarxa-de-parcs\/ter-freser\/gaudeix-del-parc\/agenda-activitats\/\" target=\"_blank\">\n\t\t\t\t\t\t<span class=\"elementor-button-content-wrapper\">\n\t\t\t\t\t\t\t\t\t<span class=\"elementor-button-text\">PNCTF Programme of activities<\/span>\n\t\t\t\t\t<\/span>\n\t\t\t\t\t<\/a>\n\t\t\t\t\t\t\t\t<\/div>\n\t\t\t\t<div class=\"elementor-element elementor-element-59c2c90 elementor-align-center elementor-widget elementor-widget-button\" data-id=\"59c2c90\" data-element_type=\"widget\" data-e-type=\"widget\" data-widget_type=\"button.default\">\n\t\t\t\t\t\t\t\t\t\t<a class=\"elementor-button elementor-button-link elementor-size-sm\" href=\"https:\/\/ca.wikiloc.com\/wikiloc\/user.do?id=10008716\" target=\"_blank\">\n\t\t\t\t\t\t<span class=\"elementor-button-content-wrapper\">\n\t\t\t\t\t\t\t\t\t<span class=\"elementor-button-text\">PNCTF official wikiloc<\/span>\n\t\t\t\t\t<\/span>\n\t\t\t\t\t<\/a>\n\t\t\t\t\t\t\t\t<\/div>\n\t\t\t\t<\/div>\n\t\t\t\t\t<\/div>\n\t\t\t\t<\/div>\n\t\t<div class=\"elementor-element elementor-element-6ceb5cb e-flex e-con-boxed wpr-particle-no wpr-jarallax-no wpr-parallax-no wpr-sticky-section-no wpr-equal-height-no e-con e-parent\" data-id=\"6ceb5cb\" data-element_type=\"container\" data-e-type=\"container\">\n\t\t\t\t\t<div class=\"e-con-inner\">\n\t\t<div class=\"elementor-element elementor-element-5c8bdca e-con-full e-flex wpr-particle-no wpr-jarallax-no wpr-parallax-no wpr-sticky-section-no wpr-equal-height-no e-con e-child\" data-id=\"5c8bdca\" data-element_type=\"container\" data-e-type=\"container\">\n\t\t<div class=\"elementor-element elementor-element-48006ad e-con-full e-flex wpr-particle-no wpr-jarallax-no wpr-parallax-no wpr-sticky-section-no wpr-equal-height-no e-con e-child\" data-id=\"48006ad\" data-element_type=\"container\" data-e-type=\"container\">\n\t\t<div class=\"elementor-element elementor-element-ad4bcea e-con-full e-flex wpr-particle-no wpr-jarallax-no wpr-parallax-no wpr-sticky-section-no wpr-equal-height-no e-con e-child\" data-id=\"ad4bcea\" data-element_type=\"container\" data-e-type=\"container\">\n\t\t\t\t<div class=\"elementor-element elementor-element-cfe8f41 elementor-widget elementor-widget-text-editor\" data-id=\"cfe8f41\" data-element_type=\"widget\" data-e-type=\"widget\" data-widget_type=\"text-editor.default\">\n\t\t\t\t\t\t\t\t\t<h3>Adherents to the European Charter for Sustainable Tourism<\/h3>\t\t\t\t\t\t\t\t<\/div>\n\t\t\t\t<\/div>\n\t\t\t\t<div class=\"elementor-element elementor-element-7091526 elementor-hidden-desktop elementor-hidden-mobile elementor-widget elementor-widget-image\" data-id=\"7091526\" data-element_type=\"widget\" data-e-type=\"widget\" data-widget_type=\"image.default\">\n\t\t\t\t\t\t\t\t\t\t\t\t\t\t\t<img loading=\"lazy\" decoding=\"async\" width=\"601\" height=\"601\" src=\"https:\/\/elcauderibes.cat\/wp-content\/uploads\/2026\/02\/El-Cau-de-Ribes-Carta-Turisme-Sostenible.jpg\" class=\"attachment-large size-large wp-image-1509\" alt=\"\" srcset=\"https:\/\/elcauderibes.cat\/wp-content\/uploads\/2026\/02\/El-Cau-de-Ribes-Carta-Turisme-Sostenible.jpg 601w, https:\/\/elcauderibes.cat\/wp-content\/uploads\/2026\/02\/El-Cau-de-Ribes-Carta-Turisme-Sostenible-300x300.jpg 300w, https:\/\/elcauderibes.cat\/wp-content\/uploads\/2026\/02\/El-Cau-de-Ribes-Carta-Turisme-Sostenible-150x150.jpg 150w\" sizes=\"(max-width: 601px) 100vw, 601px\" \/>\t\t\t\t\t\t\t\t\t\t\t\t\t\t\t<\/div>\n\t\t\t\t<\/div>\n\t\t<div class=\"elementor-element elementor-element-b5cc588 e-con-full elementor-hidden-tablet e-flex wpr-particle-no wpr-jarallax-no wpr-parallax-no wpr-sticky-section-no wpr-equal-height-no e-con e-child\" data-id=\"b5cc588\" data-element_type=\"container\" data-e-type=\"container\">\n\t\t\t\t<div class=\"elementor-element elementor-element-adf4631 elementor-hidden-tablet elementor-widget elementor-widget-image\" data-id=\"adf4631\" data-element_type=\"widget\" data-e-type=\"widget\" data-widget_type=\"image.default\">\n\t\t\t\t\t\t\t\t\t\t\t\t\t\t\t<img loading=\"lazy\" decoding=\"async\" width=\"601\" height=\"601\" src=\"https:\/\/elcauderibes.cat\/wp-content\/uploads\/2026\/02\/El-Cau-de-Ribes-Carta-Turisme-Sostenible.jpg\" class=\"attachment-large size-large wp-image-1509\" alt=\"\" srcset=\"https:\/\/elcauderibes.cat\/wp-content\/uploads\/2026\/02\/El-Cau-de-Ribes-Carta-Turisme-Sostenible.jpg 601w, https:\/\/elcauderibes.cat\/wp-content\/uploads\/2026\/02\/El-Cau-de-Ribes-Carta-Turisme-Sostenible-300x300.jpg 300w, https:\/\/elcauderibes.cat\/wp-content\/uploads\/2026\/02\/El-Cau-de-Ribes-Carta-Turisme-Sostenible-150x150.jpg 150w\" sizes=\"(max-width: 601px) 100vw, 601px\" \/>\t\t\t\t\t\t\t\t\t\t\t\t\t\t\t<\/div>\n\t\t\t\t<\/div>\n\t\t<div class=\"elementor-element elementor-element-860820b e-con-full e-flex wpr-particle-no wpr-jarallax-no wpr-parallax-no wpr-sticky-section-no wpr-equal-height-no e-con e-child\" data-id=\"860820b\" data-element_type=\"container\" data-e-type=\"container\">\n\t\t\t\t<div class=\"elementor-element elementor-element-27f559c elementor-widget elementor-widget-text-editor\" data-id=\"27f559c\" data-element_type=\"widget\" data-e-type=\"widget\" data-widget_type=\"text-editor.default\">\n\t\t\t\t\t\t\t\t\t<p>El Cau de Ribes has obtained the CETS certificate as part of the first batch of businesses in Ripoll\u00e8s, making it the only tourist accommodation in the area with this accreditation, and thereby reaffirming our commitment to the environment and the Park.<\/p>\t\t\t\t\t\t\t\t<\/div>\n\t\t\t\t<div class=\"elementor-element elementor-element-7818e0d elementor-widget elementor-widget-n-accordion\" data-id=\"7818e0d\" data-element_type=\"widget\" data-e-type=\"widget\" data-settings=\"{&quot;default_state&quot;:&quot;all_collapsed&quot;,&quot;max_items_expended&quot;:&quot;one&quot;,&quot;n_accordion_animation_duration&quot;:{&quot;unit&quot;:&quot;ms&quot;,&quot;size&quot;:400,&quot;sizes&quot;:[]}}\" data-widget_type=\"nested-accordion.default\">\n\t\t\t\t\t\t\t<div class=\"e-n-accordion\" aria-label=\"Accordion. Open links with Enter or Space, close with Escape, and navigate with Arrow Keys\">\n\t\t\t\t\t\t<details id=\"e-n-accordion-item-1250\" class=\"e-n-accordion-item\" >\n\t\t\t\t<summary class=\"e-n-accordion-item-title\" data-accordion-index=\"1\" tabindex=\"0\" aria-expanded=\"false\" aria-controls=\"e-n-accordion-item-1250\" >\n\t\t\t\t\t<span class='e-n-accordion-item-title-header'><div class=\"e-n-accordion-item-title-text\"> More info <\/div><\/span>\n\t\t\t\t\t\t\t<span class='e-n-accordion-item-title-icon'>\n\t\t\t<span class='e-opened' ><svg xmlns=\"http:\/\/www.w3.org\/2000\/svg\" id=\"Capa_1\" data-name=\"Capa 1\" viewBox=\"0 0 23.42 32\"><defs><style>.cls-1{fill:none;stroke:#000;stroke-linecap:round;stroke-linejoin:round;stroke-width:1.2px;}<\/style><\/defs><polyline class=\"cls-1\" points=\"0.76 11.96 11.71 1.01 22.66 11.96\"><\/polyline><line class=\"cls-1\" x1=\"11.82\" y1=\"1.61\" x2=\"11.82\" y2=\"28.99\"><\/line><\/svg><\/span>\n\t\t\t<span class='e-closed'><svg xmlns=\"http:\/\/www.w3.org\/2000\/svg\" id=\"Capa_1\" data-name=\"Capa 1\" viewBox=\"0 0 23.42 32\"><defs><style>.cls-1{fill:none;stroke:#000;stroke-linecap:round;stroke-linejoin:round;stroke-width:1.2px;}<\/style><\/defs><polyline class=\"cls-1\" points=\"22.66 18.04 11.71 28.99 0.76 18.04\"><\/polyline><line class=\"cls-1\" x1=\"11.6\" y1=\"28.39\" x2=\"11.6\" y2=\"1.01\"><\/line><\/svg><\/span>\n\t\t<\/span>\n\n\t\t\t\t\t\t<\/summary>\n\t\t\t\t<div role=\"region\" aria-labelledby=\"e-n-accordion-item-1250\" class=\"elementor-element elementor-element-481df66 e-con-full e-flex wpr-particle-no wpr-jarallax-no wpr-parallax-no wpr-sticky-section-no wpr-equal-height-no e-con e-child\" data-id=\"481df66\" data-element_type=\"container\" data-e-type=\"container\">\n\t\t\t\t<div class=\"elementor-element elementor-element-8b80bd8 elementor-widget elementor-widget-text-editor\" data-id=\"8b80bd8\" data-element_type=\"widget\" data-e-type=\"widget\" data-widget_type=\"text-editor.default\">\n\t\t\t\t\t\t\t\t\t<p>The European Charter for Sustainable Tourism is a voluntary method and commitment to apply the principles of sustainable tourism, aimed at the managers of protected natural areas and the tourism businesses in the territory.<\/p><p>It is an initiative of the <span style=\"text-decoration: underline;\"><a href=\"https:\/\/www.europarc.org\/sustainable-tourism\/\" target=\"_blank\" rel=\"noopener\">Europarc Federation<\/a><\/span> that promotes the management and enjoyment of protected natural areas across Europe in a more responsible way towards the land.<\/p><p>The Natural Park of the Ter and Freser Headwaters (PNCTF) has been a member of the CETS since 2019, extending the CETS territory to the entire Ripoll\u00e8s region.<\/p>\t\t\t\t\t\t\t\t<\/div>\n\t\t\t\t<div class=\"elementor-element elementor-element-5cc3fcc elementor-widget elementor-widget-button\" data-id=\"5cc3fcc\" data-element_type=\"widget\" data-e-type=\"widget\" data-widget_type=\"button.default\">\n\t\t\t\t\t\t\t\t\t\t<a class=\"elementor-button elementor-button-link elementor-size-sm\" href=\"https:\/\/parcsnaturals.gencat.cat\/web\/.content\/Xarxa-de-parcs\/03-viurehi\/la-cets\/CAT_EUROPARC-CETS_Brochure.pdf\" target=\"_blank\">\n\t\t\t\t\t\t<span class=\"elementor-button-content-wrapper\">\n\t\t\t\t\t\t\t\t\t<span class=\"elementor-button-text\">The Europarc leaflet<\/span>\n\t\t\t\t\t<\/span>\n\t\t\t\t\t<\/a>\n\t\t\t\t\t\t\t\t<\/div>\n\t\t\t\t<\/div>\n\t\t\t\t\t<\/details>\n\t\t\t\t\t<\/div>\n\t\t\t\t\t\t<\/div>\n\t\t\t\t<\/div>\n\t\t\t\t<\/div>\n\t\t<div class=\"elementor-element elementor-element-47abc7c e-con-full e-flex wpr-particle-no wpr-jarallax-no wpr-parallax-no wpr-sticky-section-no wpr-equal-height-no e-con e-child\" data-id=\"47abc7c\" data-element_type=\"container\" data-e-type=\"container\">\n\t\t\t\t<div class=\"elementor-element elementor-element-71ed28f elementor-align-center elementor-widget elementor-widget-button\" data-id=\"71ed28f\" data-element_type=\"widget\" data-e-type=\"widget\" data-widget_type=\"button.default\">\n\t\t\t\t\t\t\t\t\t\t<a class=\"elementor-button elementor-button-link elementor-size-sm\" href=\"https:\/\/parcsnaturals.gencat.cat\/ca\/xarxa-de-parcs\/ter-freser\/viure-hi\/cets\/empreses-turisme-sostenible-ripolles\/allotjaments\/\" target=\"_blank\">\n\t\t\t\t\t\t<span class=\"elementor-button-content-wrapper\">\n\t\t\t\t\t\t\t\t\t<span class=\"elementor-button-text\">Lodges at PNCTF adhered to CETS<\/span>\n\t\t\t\t\t<\/span>\n\t\t\t\t\t<\/a>\n\t\t\t\t\t\t\t\t<\/div>\n\t\t\t\t<div class=\"elementor-element elementor-element-4404280 elementor-align-center elementor-widget elementor-widget-button\" data-id=\"4404280\" data-element_type=\"widget\" data-e-type=\"widget\" data-widget_type=\"button.default\">\n\t\t\t\t\t\t\t\t\t\t<a class=\"elementor-button elementor-button-link elementor-size-sm\" href=\"https:\/\/parcsnaturals.gencat.cat\/ca\/xarxa-de-parcs\/ter-freser\/viure-hi\/cets\/\" target=\"_blank\">\n\t\t\t\t\t\t<span class=\"elementor-button-content-wrapper\">\n\t\t\t\t\t\t\t\t\t<span class=\"elementor-button-text\">The PNCTF and the CETS<\/span>\n\t\t\t\t\t<\/span>\n\t\t\t\t\t<\/a>\n\t\t\t\t\t\t\t\t<\/div>\n\t\t\t\t<\/div>\n\t\t\t\t\t<\/div>\n\t\t\t\t<\/div>\n\t\t<div class=\"elementor-element elementor-element-62e16d8 e-flex e-con-boxed wpr-particle-no wpr-jarallax-no wpr-parallax-no wpr-sticky-section-no wpr-equal-height-no e-con e-parent\" data-id=\"62e16d8\" data-element_type=\"container\" data-e-type=\"container\">\n\t\t\t\t\t<div class=\"e-con-inner\">\n\t\t<div class=\"elementor-element elementor-element-3f571db e-con-full e-flex wpr-particle-no wpr-jarallax-no wpr-parallax-no wpr-sticky-section-no wpr-equal-height-no e-con e-child\" data-id=\"3f571db\" data-element_type=\"container\" data-e-type=\"container\">\n\t\t\t\t<div class=\"elementor-element elementor-element-48f61b4 elementor-widget elementor-widget-heading\" data-id=\"48f61b4\" data-element_type=\"widget\" data-e-type=\"widget\" data-widget_type=\"heading.default\">\n\t\t\t\t\t<h2 class=\"elementor-heading-title elementor-size-default\">We are committed to more sustainable mobility.<\/h2>\t\t\t\t<\/div>\n\t\t\t\t<\/div>\n\t\t<div class=\"elementor-element elementor-element-44a64aa e-grid e-con-full wpr-particle-no wpr-jarallax-no wpr-parallax-no wpr-sticky-section-no wpr-equal-height-no e-con e-child\" data-id=\"44a64aa\" data-element_type=\"container\" data-e-type=\"container\">\n\t\t<div class=\"elementor-element elementor-element-534bb7d e-con-full e-flex wpr-particle-no wpr-jarallax-no wpr-parallax-no wpr-sticky-section-no wpr-equal-height-no e-con e-child\" data-id=\"534bb7d\" data-element_type=\"container\" data-e-type=\"container\">\n\t\t\t\t<div class=\"elementor-element elementor-element-1238c02 elementor-widget elementor-widget-image\" data-id=\"1238c02\" data-element_type=\"widget\" data-e-type=\"widget\" data-widget_type=\"image.default\">\n\t\t\t\t\t\t\t\t\t\t\t\t\t\t\t<img loading=\"lazy\" decoding=\"async\" width=\"1001\" height=\"601\" src=\"https:\/\/elcauderibes.cat\/wp-content\/uploads\/2026\/02\/El-Cau-de-Ribes-Ribes-de-Freser.jpg\" class=\"attachment-large size-large wp-image-1510\" alt=\"\" srcset=\"https:\/\/elcauderibes.cat\/wp-content\/uploads\/2026\/02\/El-Cau-de-Ribes-Ribes-de-Freser.jpg 1001w, https:\/\/elcauderibes.cat\/wp-content\/uploads\/2026\/02\/El-Cau-de-Ribes-Ribes-de-Freser-300x180.jpg 300w, https:\/\/elcauderibes.cat\/wp-content\/uploads\/2026\/02\/El-Cau-de-Ribes-Ribes-de-Freser-768x461.jpg 768w\" sizes=\"(max-width: 1001px) 100vw, 1001px\" \/>\t\t\t\t\t\t\t\t\t\t\t\t\t\t\t<\/div>\n\t\t\t\t<div class=\"elementor-element elementor-element-03be5fc elementor-widget elementor-widget-heading\" data-id=\"03be5fc\" data-element_type=\"widget\" data-e-type=\"widget\" data-widget_type=\"heading.default\">\n\t\t\t\t\t<h3 class=\"elementor-heading-title elementor-size-default\">Public transport to Ribes de Freser<\/h3>\t\t\t\t<\/div>\n\t\t\t\t<div class=\"elementor-element elementor-element-19f14c2 elementor-widget elementor-widget-n-accordion\" data-id=\"19f14c2\" data-element_type=\"widget\" data-e-type=\"widget\" data-settings=\"{&quot;default_state&quot;:&quot;all_collapsed&quot;,&quot;max_items_expended&quot;:&quot;one&quot;,&quot;n_accordion_animation_duration&quot;:{&quot;unit&quot;:&quot;ms&quot;,&quot;size&quot;:400,&quot;sizes&quot;:[]}}\" data-widget_type=\"nested-accordion.default\">\n\t\t\t\t\t\t\t<div class=\"e-n-accordion\" aria-label=\"Accordion. Open links with Enter or Space, close with Escape, and navigate with Arrow Keys\">\n\t\t\t\t\t\t<details id=\"e-n-accordion-item-2720\" class=\"e-n-accordion-item\" >\n\t\t\t\t<summary class=\"e-n-accordion-item-title\" data-accordion-index=\"1\" tabindex=\"0\" aria-expanded=\"false\" aria-controls=\"e-n-accordion-item-2720\" >\n\t\t\t\t\t<span class='e-n-accordion-item-title-header'><div class=\"e-n-accordion-item-title-text\"> Train <\/div><\/span>\n\t\t\t\t\t\t\t<span class='e-n-accordion-item-title-icon'>\n\t\t\t<span class='e-opened' ><svg xmlns=\"http:\/\/www.w3.org\/2000\/svg\" id=\"Capa_1\" data-name=\"Capa 1\" viewBox=\"0 0 23.42 32\"><defs><style>.cls-1{fill:none;stroke:#000;stroke-linecap:round;stroke-linejoin:round;stroke-width:1.2px;}<\/style><\/defs><polyline class=\"cls-1\" points=\"0.76 11.96 11.71 1.01 22.66 11.96\"><\/polyline><line class=\"cls-1\" x1=\"11.82\" y1=\"1.61\" x2=\"11.82\" y2=\"28.99\"><\/line><\/svg><\/span>\n\t\t\t<span class='e-closed'><svg xmlns=\"http:\/\/www.w3.org\/2000\/svg\" id=\"Capa_1\" data-name=\"Capa 1\" viewBox=\"0 0 23.42 32\"><defs><style>.cls-1{fill:none;stroke:#000;stroke-linecap:round;stroke-linejoin:round;stroke-width:1.2px;}<\/style><\/defs><polyline class=\"cls-1\" points=\"22.66 18.04 11.71 28.99 0.76 18.04\"><\/polyline><line class=\"cls-1\" x1=\"11.6\" y1=\"28.39\" x2=\"11.6\" y2=\"1.01\"><\/line><\/svg><\/span>\n\t\t<\/span>\n\n\t\t\t\t\t\t<\/summary>\n\t\t\t\t<div role=\"region\" aria-labelledby=\"e-n-accordion-item-2720\" class=\"elementor-element elementor-element-db76a98 e-con-full e-flex wpr-particle-no wpr-jarallax-no wpr-parallax-no wpr-sticky-section-no wpr-equal-height-no e-con e-child\" data-id=\"db76a98\" data-element_type=\"container\" data-e-type=\"container\">\n\t\t\t\t<div class=\"elementor-element elementor-element-50b474e elementor-widget elementor-widget-text-editor\" data-id=\"50b474e\" data-element_type=\"widget\" data-e-type=\"widget\" data-widget_type=\"text-editor.default\">\n\t\t\t\t\t\t\t\t\t<p>The R3 railway line allows you to reach Ribes de Freser from the Cerdanya, Osona, the Vall\u00e8s Oriental and the Barcelon\u00e8s. In Barcelona, it connects with trains to multiple destinations. At La Tor de Querol, it connects with trains from Toulouse, Paris and Conflent.   <\/p>\t\t\t\t\t\t\t\t<\/div>\n\t\t\t\t<div class=\"elementor-element elementor-element-228febc elementor-widget elementor-widget-button\" data-id=\"228febc\" data-element_type=\"widget\" data-e-type=\"widget\" data-widget_type=\"button.default\">\n\t\t\t\t\t\t\t\t\t\t<a class=\"elementor-button elementor-button-link elementor-size-sm\" href=\"https:\/\/rodalies.gencat.cat\/ca\/inici\" target=\"_blank\">\n\t\t\t\t\t\t<span class=\"elementor-button-content-wrapper\">\n\t\t\t\t\t\t\t\t\t<span class=\"elementor-button-text\">View Timetables<\/span>\n\t\t\t\t\t<\/span>\n\t\t\t\t\t<\/a>\n\t\t\t\t\t\t\t\t<\/div>\n\t\t\t\t<\/div>\n\t\t\t\t\t<\/details>\n\t\t\t\t\t\t<details id=\"e-n-accordion-item-2721\" class=\"e-n-accordion-item\" >\n\t\t\t\t<summary class=\"e-n-accordion-item-title\" data-accordion-index=\"2\" tabindex=\"-1\" aria-expanded=\"false\" aria-controls=\"e-n-accordion-item-2721\" >\n\t\t\t\t\t<span class='e-n-accordion-item-title-header'><div class=\"e-n-accordion-item-title-text\"> Buses <\/div><\/span>\n\t\t\t\t\t\t\t<span class='e-n-accordion-item-title-icon'>\n\t\t\t<span class='e-opened' ><svg xmlns=\"http:\/\/www.w3.org\/2000\/svg\" id=\"Capa_1\" data-name=\"Capa 1\" viewBox=\"0 0 23.42 32\"><defs><style>.cls-1{fill:none;stroke:#000;stroke-linecap:round;stroke-linejoin:round;stroke-width:1.2px;}<\/style><\/defs><polyline class=\"cls-1\" points=\"0.76 11.96 11.71 1.01 22.66 11.96\"><\/polyline><line class=\"cls-1\" x1=\"11.82\" y1=\"1.61\" x2=\"11.82\" y2=\"28.99\"><\/line><\/svg><\/span>\n\t\t\t<span class='e-closed'><svg xmlns=\"http:\/\/www.w3.org\/2000\/svg\" id=\"Capa_1\" data-name=\"Capa 1\" viewBox=\"0 0 23.42 32\"><defs><style>.cls-1{fill:none;stroke:#000;stroke-linecap:round;stroke-linejoin:round;stroke-width:1.2px;}<\/style><\/defs><polyline class=\"cls-1\" points=\"22.66 18.04 11.71 28.99 0.76 18.04\"><\/polyline><line class=\"cls-1\" x1=\"11.6\" y1=\"28.39\" x2=\"11.6\" y2=\"1.01\"><\/line><\/svg><\/span>\n\t\t<\/span>\n\n\t\t\t\t\t\t<\/summary>\n\t\t\t\t<div role=\"region\" aria-labelledby=\"e-n-accordion-item-2721\" class=\"elementor-element elementor-element-fc41d19 e-con-full e-flex wpr-particle-no wpr-jarallax-no wpr-parallax-no wpr-sticky-section-no wpr-equal-height-no e-con e-child\" data-id=\"fc41d19\" data-element_type=\"container\" data-e-type=\"container\">\n\t\t\t\t<div class=\"elementor-element elementor-element-7fa1e89 elementor-widget elementor-widget-text-editor\" data-id=\"7fa1e89\" data-element_type=\"widget\" data-e-type=\"widget\" data-widget_type=\"text-editor.default\">\n\t\t\t\t\t\t\t\t\t<p>The bus service to Ribes de Freser is operated by Autocars Mir.<\/p>\t\t\t\t\t\t\t\t<\/div>\n\t\t\t\t<div class=\"elementor-element elementor-element-2e7bb94 elementor-widget elementor-widget-button\" data-id=\"2e7bb94\" data-element_type=\"widget\" data-e-type=\"widget\" data-widget_type=\"button.default\">\n\t\t\t\t\t\t\t\t\t\t<a class=\"elementor-button elementor-button-link elementor-size-sm\" href=\"https:\/\/www.autocarsmir.com\/linies\/\" target=\"_blank\">\n\t\t\t\t\t\t<span class=\"elementor-button-content-wrapper\">\n\t\t\t\t\t\t\t\t\t<span class=\"elementor-button-text\">Mir buses<\/span>\n\t\t\t\t\t<\/span>\n\t\t\t\t\t<\/a>\n\t\t\t\t\t\t\t\t<\/div>\n\t\t\t\t<div class=\"elementor-element elementor-element-80ab7fa elementor-widget elementor-widget-text-editor\" data-id=\"80ab7fa\" data-element_type=\"widget\" data-e-type=\"widget\" data-widget_type=\"text-editor.default\">\n\t\t\t\t\t\t\t\t\t<p>The Mir buses connect Ripoll with other bus routes from various destinations. You can find them at: <\/p>\t\t\t\t\t\t\t\t<\/div>\n\t\t\t\t<div class=\"elementor-element elementor-element-d42ca2a elementor-widget elementor-widget-button\" data-id=\"d42ca2a\" data-element_type=\"widget\" data-e-type=\"widget\" data-widget_type=\"button.default\">\n\t\t\t\t\t\t\t\t\t\t<a class=\"elementor-button elementor-button-link elementor-size-sm\" href=\"https:\/\/www.teisa-bus.com\/\" target=\"_blank\">\n\t\t\t\t\t\t<span class=\"elementor-button-content-wrapper\">\n\t\t\t\t\t\t\t\t\t<span class=\"elementor-button-text\">Teisa Bus<\/span>\n\t\t\t\t\t<\/span>\n\t\t\t\t\t<\/a>\n\t\t\t\t\t\t\t\t<\/div>\n\t\t\t\t<div class=\"elementor-element elementor-element-1f2d813 elementor-widget elementor-widget-button\" data-id=\"1f2d813\" data-element_type=\"widget\" data-e-type=\"widget\" data-widget_type=\"button.default\">\n\t\t\t\t\t\t\t\t\t\t<a class=\"elementor-button elementor-button-link elementor-size-sm\" href=\"https:\/\/www.alsa.es\/ca\/horaris-dels-autobusos\" target=\"_blank\">\n\t\t\t\t\t\t<span class=\"elementor-button-content-wrapper\">\n\t\t\t\t\t\t\t\t\t<span class=\"elementor-button-text\">Alsa<\/span>\n\t\t\t\t\t<\/span>\n\t\t\t\t\t<\/a>\n\t\t\t\t\t\t\t\t<\/div>\n\t\t\t\t<\/div>\n\t\t\t\t\t<\/details>\n\t\t\t\t\t<\/div>\n\t\t\t\t\t\t<\/div>\n\t\t\t\t<div class=\"elementor-element elementor-element-9e150bb elementor-widget elementor-widget-text-editor\" data-id=\"9e150bb\" data-element_type=\"widget\" data-e-type=\"widget\" data-widget_type=\"text-editor.default\">\n\t\t\t\t\t\t\t\t\t<p>* If you stay at El Cau de Ribes, we will pick you up from the train or bus station and you will enjoy benefits during your stay.<\/p>\t\t\t\t\t\t\t\t<\/div>\n\t\t\t\t<\/div>\n\t\t<div class=\"elementor-element elementor-element-639bf70 e-con-full e-flex wpr-particle-no wpr-jarallax-no wpr-parallax-no wpr-sticky-section-no wpr-equal-height-no e-con e-child\" data-id=\"639bf70\" data-element_type=\"container\" data-e-type=\"container\">\n\t\t\t\t<div class=\"elementor-element elementor-element-bdbc5bb elementor-widget elementor-widget-image\" data-id=\"bdbc5bb\" data-element_type=\"widget\" data-e-type=\"widget\" data-widget_type=\"image.default\">\n\t\t\t\t\t\t\t\t\t\t\t\t\t\t\t<img loading=\"lazy\" decoding=\"async\" width=\"1001\" height=\"601\" src=\"https:\/\/elcauderibes.cat\/wp-content\/uploads\/2026\/02\/El-Cau-de-Ribes-Cremallera-Vall-de-Nuria.jpg\" class=\"attachment-large size-large wp-image-1511\" alt=\"\" srcset=\"https:\/\/elcauderibes.cat\/wp-content\/uploads\/2026\/02\/El-Cau-de-Ribes-Cremallera-Vall-de-Nuria.jpg 1001w, https:\/\/elcauderibes.cat\/wp-content\/uploads\/2026\/02\/El-Cau-de-Ribes-Cremallera-Vall-de-Nuria-300x180.jpg 300w, https:\/\/elcauderibes.cat\/wp-content\/uploads\/2026\/02\/El-Cau-de-Ribes-Cremallera-Vall-de-Nuria-768x461.jpg 768w\" sizes=\"(max-width: 1001px) 100vw, 1001px\" \/>\t\t\t\t\t\t\t\t\t\t\t\t\t\t\t<\/div>\n\t\t\t\t<div class=\"elementor-element elementor-element-0699b99 elementor-widget elementor-widget-heading\" data-id=\"0699b99\" data-element_type=\"widget\" data-e-type=\"widget\" data-widget_type=\"heading.default\">\n\t\t\t\t\t<h3 class=\"elementor-heading-title elementor-size-default\">Get around the valley using public transport.<\/h3>\t\t\t\t<\/div>\n\t\t\t\t<div class=\"elementor-element elementor-element-abd2fb3 elementor-widget elementor-widget-n-accordion\" data-id=\"abd2fb3\" data-element_type=\"widget\" data-e-type=\"widget\" data-settings=\"{&quot;default_state&quot;:&quot;all_collapsed&quot;,&quot;max_items_expended&quot;:&quot;one&quot;,&quot;n_accordion_animation_duration&quot;:{&quot;unit&quot;:&quot;ms&quot;,&quot;size&quot;:400,&quot;sizes&quot;:[]}}\" data-widget_type=\"nested-accordion.default\">\n\t\t\t\t\t\t\t<div class=\"e-n-accordion\" aria-label=\"Accordion. Open links with Enter or Space, close with Escape, and navigate with Arrow Keys\">\n\t\t\t\t\t\t<details id=\"e-n-accordion-item-1800\" class=\"e-n-accordion-item\" >\n\t\t\t\t<summary class=\"e-n-accordion-item-title\" data-accordion-index=\"1\" tabindex=\"0\" aria-expanded=\"false\" aria-controls=\"e-n-accordion-item-1800\" >\n\t\t\t\t\t<span class='e-n-accordion-item-title-header'><div class=\"e-n-accordion-item-title-text\"> Rack railway to N\u00faria <\/div><\/span>\n\t\t\t\t\t\t\t<span class='e-n-accordion-item-title-icon'>\n\t\t\t<span class='e-opened' ><svg xmlns=\"http:\/\/www.w3.org\/2000\/svg\" id=\"Capa_1\" data-name=\"Capa 1\" viewBox=\"0 0 23.42 32\"><defs><style>.cls-1{fill:none;stroke:#000;stroke-linecap:round;stroke-linejoin:round;stroke-width:1.2px;}<\/style><\/defs><polyline class=\"cls-1\" points=\"0.76 11.96 11.71 1.01 22.66 11.96\"><\/polyline><line class=\"cls-1\" x1=\"11.82\" y1=\"1.61\" x2=\"11.82\" y2=\"28.99\"><\/line><\/svg><\/span>\n\t\t\t<span class='e-closed'><svg xmlns=\"http:\/\/www.w3.org\/2000\/svg\" id=\"Capa_1\" data-name=\"Capa 1\" viewBox=\"0 0 23.42 32\"><defs><style>.cls-1{fill:none;stroke:#000;stroke-linecap:round;stroke-linejoin:round;stroke-width:1.2px;}<\/style><\/defs><polyline class=\"cls-1\" points=\"22.66 18.04 11.71 28.99 0.76 18.04\"><\/polyline><line class=\"cls-1\" x1=\"11.6\" y1=\"28.39\" x2=\"11.6\" y2=\"1.01\"><\/line><\/svg><\/span>\n\t\t<\/span>\n\n\t\t\t\t\t\t<\/summary>\n\t\t\t\t<div role=\"region\" aria-labelledby=\"e-n-accordion-item-1800\" class=\"elementor-element elementor-element-79f271a e-con-full e-flex wpr-particle-no wpr-jarallax-no wpr-parallax-no wpr-sticky-section-no wpr-equal-height-no e-con e-child\" data-id=\"79f271a\" data-element_type=\"container\" data-e-type=\"container\">\n\t\t\t\t<div class=\"elementor-element elementor-element-4558d0f elementor-widget elementor-widget-text-editor\" data-id=\"4558d0f\" data-element_type=\"widget\" data-e-type=\"widget\" data-widget_type=\"text-editor.default\">\n\t\t\t\t\t\t\t\t\t<p>The rack railway connects Ribes de Freser, Queralbs and Vall de N\u00faria. It is a high-mountain journey with incredible scenery and the most comfortable way to reach Vall de N\u00faria. The only alternative is to get there on foot.   <\/p>\t\t\t\t\t\t\t\t<\/div>\n\t\t\t\t<div class=\"elementor-element elementor-element-b65967d elementor-widget elementor-widget-button\" data-id=\"b65967d\" data-element_type=\"widget\" data-e-type=\"widget\" data-widget_type=\"button.default\">\n\t\t\t\t\t\t\t\t\t\t<a class=\"elementor-button elementor-button-link elementor-size-sm\" href=\"http:\/\/valldenuria.cat\/\" target=\"_blank\">\n\t\t\t\t\t\t<span class=\"elementor-button-content-wrapper\">\n\t\t\t\t\t\t\t\t\t<span class=\"elementor-button-text\">View Timetables<\/span>\n\t\t\t\t\t<\/span>\n\t\t\t\t\t<\/a>\n\t\t\t\t\t\t\t\t<\/div>\n\t\t\t\t<\/div>\n\t\t\t\t\t<\/details>\n\t\t\t\t\t\t<details id=\"e-n-accordion-item-1801\" class=\"e-n-accordion-item\" >\n\t\t\t\t<summary class=\"e-n-accordion-item-title\" data-accordion-index=\"2\" tabindex=\"-1\" aria-expanded=\"false\" aria-controls=\"e-n-accordion-item-1801\" >\n\t\t\t\t\t<span class='e-n-accordion-item-title-header'><div class=\"e-n-accordion-item-title-text\"> On-demand transport in Vall de Ribes <\/div><\/span>\n\t\t\t\t\t\t\t<span class='e-n-accordion-item-title-icon'>\n\t\t\t<span class='e-opened' ><svg xmlns=\"http:\/\/www.w3.org\/2000\/svg\" id=\"Capa_1\" data-name=\"Capa 1\" viewBox=\"0 0 23.42 32\"><defs><style>.cls-1{fill:none;stroke:#000;stroke-linecap:round;stroke-linejoin:round;stroke-width:1.2px;}<\/style><\/defs><polyline class=\"cls-1\" points=\"0.76 11.96 11.71 1.01 22.66 11.96\"><\/polyline><line class=\"cls-1\" x1=\"11.82\" y1=\"1.61\" x2=\"11.82\" y2=\"28.99\"><\/line><\/svg><\/span>\n\t\t\t<span class='e-closed'><svg xmlns=\"http:\/\/www.w3.org\/2000\/svg\" id=\"Capa_1\" data-name=\"Capa 1\" viewBox=\"0 0 23.42 32\"><defs><style>.cls-1{fill:none;stroke:#000;stroke-linecap:round;stroke-linejoin:round;stroke-width:1.2px;}<\/style><\/defs><polyline class=\"cls-1\" points=\"22.66 18.04 11.71 28.99 0.76 18.04\"><\/polyline><line class=\"cls-1\" x1=\"11.6\" y1=\"28.39\" x2=\"11.6\" y2=\"1.01\"><\/line><\/svg><\/span>\n\t\t<\/span>\n\n\t\t\t\t\t\t<\/summary>\n\t\t\t\t<div role=\"region\" aria-labelledby=\"e-n-accordion-item-1801\" class=\"elementor-element elementor-element-2f35337 e-con-full e-flex wpr-particle-no wpr-jarallax-no wpr-parallax-no wpr-sticky-section-no wpr-equal-height-no e-con e-child\" data-id=\"2f35337\" data-element_type=\"container\" data-e-type=\"container\">\n\t\t\t\t<div class=\"elementor-element elementor-element-e6fff2d elementor-widget elementor-widget-text-editor\" data-id=\"e6fff2d\" data-element_type=\"widget\" data-e-type=\"widget\" data-widget_type=\"text-editor.default\">\n\t\t\t\t\t\t\t\t\t<p>To visit the different villages and hamlets of the valley by bus, there is a demand-responsive transport service that allows you to reach almost all the settlements in the Ribes Valley. You can find timetables and information on how it works at: <\/p>\t\t\t\t\t\t\t\t<\/div>\n\t\t\t\t<div class=\"elementor-element elementor-element-1898c6c elementor-widget elementor-widget-button\" data-id=\"1898c6c\" data-element_type=\"widget\" data-e-type=\"widget\" data-widget_type=\"button.default\">\n\t\t\t\t\t\t\t\t\t\t<a class=\"elementor-button elementor-button-link elementor-size-sm\" href=\"https:\/\/www.autocarsmir.com\/clic-cat\/\" target=\"_blank\">\n\t\t\t\t\t\t<span class=\"elementor-button-content-wrapper\">\n\t\t\t\t\t\t\t\t\t<span class=\"elementor-button-text\">Request transport<\/span>\n\t\t\t\t\t<\/span>\n\t\t\t\t\t<\/a>\n\t\t\t\t\t\t\t\t<\/div>\n\t\t\t\t<\/div>\n\t\t\t\t\t<\/details>\n\t\t\t\t\t\t<details id=\"e-n-accordion-item-1802\" class=\"e-n-accordion-item\" >\n\t\t\t\t<summary class=\"e-n-accordion-item-title\" data-accordion-index=\"3\" tabindex=\"-1\" aria-expanded=\"false\" aria-controls=\"e-n-accordion-item-1802\" >\n\t\t\t\t\t<span class='e-n-accordion-item-title-header'><div class=\"e-n-accordion-item-title-text\"> Taxis <\/div><\/span>\n\t\t\t\t\t\t\t<span class='e-n-accordion-item-title-icon'>\n\t\t\t<span class='e-opened' ><svg xmlns=\"http:\/\/www.w3.org\/2000\/svg\" id=\"Capa_1\" data-name=\"Capa 1\" viewBox=\"0 0 23.42 32\"><defs><style>.cls-1{fill:none;stroke:#000;stroke-linecap:round;stroke-linejoin:round;stroke-width:1.2px;}<\/style><\/defs><polyline class=\"cls-1\" points=\"0.76 11.96 11.71 1.01 22.66 11.96\"><\/polyline><line class=\"cls-1\" x1=\"11.82\" y1=\"1.61\" x2=\"11.82\" y2=\"28.99\"><\/line><\/svg><\/span>\n\t\t\t<span class='e-closed'><svg xmlns=\"http:\/\/www.w3.org\/2000\/svg\" id=\"Capa_1\" data-name=\"Capa 1\" viewBox=\"0 0 23.42 32\"><defs><style>.cls-1{fill:none;stroke:#000;stroke-linecap:round;stroke-linejoin:round;stroke-width:1.2px;}<\/style><\/defs><polyline class=\"cls-1\" points=\"22.66 18.04 11.71 28.99 0.76 18.04\"><\/polyline><line class=\"cls-1\" x1=\"11.6\" y1=\"28.39\" x2=\"11.6\" y2=\"1.01\"><\/line><\/svg><\/span>\n\t\t<\/span>\n\n\t\t\t\t\t\t<\/summary>\n\t\t\t\t<div role=\"region\" aria-labelledby=\"e-n-accordion-item-1802\" class=\"elementor-element elementor-element-73dae16 e-con-full e-flex wpr-particle-no wpr-jarallax-no wpr-parallax-no wpr-sticky-section-no wpr-equal-height-no e-con e-child\" data-id=\"73dae16\" data-element_type=\"container\" data-e-type=\"container\">\n\t\t\t\t<div class=\"elementor-element elementor-element-8a3b66f elementor-widget elementor-widget-text-editor\" data-id=\"8a3b66f\" data-element_type=\"widget\" data-e-type=\"widget\" data-widget_type=\"text-editor.default\">\n\t\t\t\t\t\t\t\t\t<p>In the Ribes Valley there is a taxi service with various taxis to some of the valley&#8217;s municipalities as well as to neighbouring municipalities. You can find the contact details at: <\/p>\t\t\t\t\t\t\t\t<\/div>\n\t\t\t\t<div class=\"elementor-element elementor-element-7593134 elementor-widget elementor-widget-button\" data-id=\"7593134\" data-element_type=\"widget\" data-e-type=\"widget\" data-widget_type=\"button.default\">\n\t\t\t\t\t\t\t\t\t\t<a class=\"elementor-button elementor-button-link elementor-size-sm\" href=\"https:\/\/ripollesturisme.cat\/planifica-la-teva-visita\/mou-te-pel-ripolles\/\" target=\"_blank\">\n\t\t\t\t\t\t<span class=\"elementor-button-content-wrapper\">\n\t\t\t\t\t\t\t\t\t<span class=\"elementor-button-text\">Taxis and transport around Ripoll\u00e8s<\/span>\n\t\t\t\t\t<\/span>\n\t\t\t\t\t<\/a>\n\t\t\t\t\t\t\t\t<\/div>\n\t\t\t\t<\/div>\n\t\t\t\t\t<\/details>\n\t\t\t\t\t<\/div>\n\t\t\t\t\t\t<\/div>\n\t\t\t\t<\/div>\n\t\t\t\t<\/div>\n\t\t\t\t\t<\/div>\n\t\t\t\t<\/div>\n\t\t<div class=\"elementor-element elementor-element-b3da6d6 e-flex e-con-boxed wpr-particle-no wpr-jarallax-no wpr-parallax-no wpr-sticky-section-no wpr-equal-height-no e-con e-parent\" data-id=\"b3da6d6\" data-element_type=\"container\" data-e-type=\"container\">\n\t\t\t\t\t<div class=\"e-con-inner\">\n\t\t\t\t<div class=\"elementor-element elementor-element-daec66e elementor-widget elementor-widget-text-editor\" data-id=\"daec66e\" data-element_type=\"widget\" data-e-type=\"widget\" data-widget_type=\"text-editor.default\">\n\t\t\t\t\t\t\t\t\t<h4><span style=\"text-decoration: underline;\">Explore, inspire, relax<\/span>.<br>This motto accompanies us in every discovery, and today we want to share it with you.<\/h4>\t\t\t\t\t\t\t\t<\/div>\n\t\t\t\t\t<\/div>\n\t\t\t\t<\/div>\n\t\t<div class=\"elementor-element elementor-element-b657165 e-con-full e-flex wpr-particle-no wpr-jarallax-no wpr-parallax-no wpr-sticky-section-no wpr-equal-height-no e-con e-parent\" data-id=\"b657165\" data-element_type=\"container\" data-e-type=\"container\" data-settings=\"{&quot;background_background&quot;:&quot;classic&quot;}\">\n\t\t<div class=\"elementor-element elementor-element-8cae778 e-con-full e-flex wpr-particle-no wpr-jarallax-no wpr-parallax-no wpr-sticky-section-no wpr-equal-height-no e-con e-child\" data-id=\"8cae778\" data-element_type=\"container\" data-e-type=\"container\">\n\t\t\t\t<div class=\"elementor-element elementor-element-b6308e6 elementor-widget elementor-widget-heading\" data-id=\"b6308e6\" data-element_type=\"widget\" data-e-type=\"widget\" data-widget_type=\"heading.default\">\n\t\t\t\t\t<h3 class=\"elementor-heading-title elementor-size-default\">The environment that inspires us<\/h3>\t\t\t\t<\/div>\n\t\t\t\t<div class=\"elementor-element elementor-element-518d0c5 elementor-widget elementor-widget-text-editor\" data-id=\"518d0c5\" data-element_type=\"widget\" data-e-type=\"widget\" data-widget_type=\"text-editor.default\">\n\t\t\t\t\t\t\t\t\t<p>Discover the Ribes Valley and its landscapes, paths and villages, a natural and cultural environment that gives meaning to the project.<\/p>\t\t\t\t\t\t\t\t<\/div>\n\t\t\t\t<div class=\"elementor-element elementor-element-ea738b1 elementor-align-center elementor-widget elementor-widget-button\" data-id=\"ea738b1\" data-element_type=\"widget\" data-e-type=\"widget\" data-widget_type=\"button.default\">\n\t\t\t\t\t\t\t\t\t\t<a class=\"elementor-button elementor-button-link elementor-size-sm\" href=\"https:\/\/elcauderibes.cat\/entorn\/\">\n\t\t\t\t\t\t<span class=\"elementor-button-content-wrapper\">\n\t\t\t\t\t\t\t\t\t<span class=\"elementor-button-text\">See the surroundings of El Cau<\/span>\n\t\t\t\t\t<\/span>\n\t\t\t\t\t<\/a>\n\t\t\t\t\t\t\t\t<\/div>\n\t\t\t\t<\/div>\n\t\t\t\t<div class=\"elementor-element elementor-element-ecdfa22 elementor-widget elementor-widget-image\" data-id=\"ecdfa22\" data-element_type=\"widget\" data-e-type=\"widget\" data-widget_type=\"image.default\">\n\t\t\t\t\t\t\t\t\t\t\t\t\t\t\t<img loading=\"lazy\" decoding=\"async\" width=\"1920\" height=\"187\" src=\"https:\/\/elcauderibes.cat\/wp-content\/uploads\/2026\/02\/El-Cau-de-Ribes-muntanyes-peu.png\" class=\"attachment-full size-full wp-image-1496\" alt=\"\" srcset=\"https:\/\/elcauderibes.cat\/wp-content\/uploads\/2026\/02\/El-Cau-de-Ribes-muntanyes-peu.png 1920w, https:\/\/elcauderibes.cat\/wp-content\/uploads\/2026\/02\/El-Cau-de-Ribes-muntanyes-peu-300x29.png 300w, https:\/\/elcauderibes.cat\/wp-content\/uploads\/2026\/02\/El-Cau-de-Ribes-muntanyes-peu-1024x100.png 1024w, https:\/\/elcauderibes.cat\/wp-content\/uploads\/2026\/02\/El-Cau-de-Ribes-muntanyes-peu-768x75.png 768w, https:\/\/elcauderibes.cat\/wp-content\/uploads\/2026\/02\/El-Cau-de-Ribes-muntanyes-peu-1536x150.png 1536w\" sizes=\"(max-width: 1920px) 100vw, 1920px\" \/>\t\t\t\t\t\t\t\t\t\t\t\t\t\t\t<\/div>\n\t\t\t\t<\/div>\n\t\t\t\t<\/div>\n\t\t","protected":false},"excerpt":{"rendered":"<p>The Project El Cau is more than just an accommodation. It is a personal project by a couple in love with the Ribes Valley. We are Jordi and Marta, a couple passionate about travelling and in love with the mountains, nature and the unique surroundings of Vall de Ribes. We offer you a unique experience through a personalized stay. We offer advice, listening to your interests to help you make the most of your days in the mountains. We&#8217;ll welcome you in person on arrival and, if you wish, we can help you plan and design your explorations, routes and visits according to your preferences. We&#8217;re close to you, just ask! We believe in mindful, respectful and sustainable tourism. That&#8217;s why we offer you comfortable accommodation, thoughtfully designed and equipped to become your own space. We love the local area, and we have formed to understand and explain it, with the aim of contributing to a more mindful and respectful way of travelling. We are an Information Point for the Natural Park of the Ter and Freser Headwaters. El Cau de Ribes is officially accredited as an Information Point for the Natural Park of the Ter and Freser Headwaters. We have taken part in the first edition of the Good Park Knower course and our accommodation has entered into a collaboration agreement with the management body of the PNCTF to contribute to the dissemination and knowledge of visitors to the environment and the values of the park. More info Declared in 2015, this natural park is located in the eastern Pyrenees and covers an area of 14,500 hectares within the Ripoll\u00e8s region. With peaks that reach nearly 3,000 meters, it defines a unique natural space, a typical example of high Pyrenean mountain terrain descending toward the Mediterranean. It is of special significance for its natural and intangible heritage. Itiner\u00e0nnia routes net Itiner\u00e0nnia is a 2,500-kilometer trail network linking the Ripoll\u00e8s, Garrotxa, and Alt Empord\u00e0 regions. Itiner\u00e0nnia Routes in Vall de Ribes Declared in 2015, this natural park is located in the eastern Pyrenees and covers an area of 14,500 hectares within the Ripoll\u00e8s region. With peaks that reach nearly 3,000 meters, it defines a unique natural space, a typical example of high Pyrenean mountain terrain descending toward the Mediterranean. It is of special significance for its natural and intangible heritage. Itiner\u00e0nnia is a 2,500-kilometer trail network linking the Ripoll\u00e8s, Garrotxa, and Alt Empord\u00e0 regions. Itiner\u00e0nnia Routes in Vall de Ribes Official web ot the Natural Park PNCTF Programme of activities PNCTF official wikiloc Adherents to the European Charter for Sustainable Tourism El Cau de Ribes has obtained the CETS certificate as part of the first batch of businesses in Ripoll\u00e8s, making it the only tourist accommodation in the area with this accreditation, and thereby reaffirming our commitment to the environment and the Park. More info The European Charter for Sustainable Tourism is a voluntary method and commitment to apply the principles of sustainable tourism, aimed at the managers of protected natural areas and the tourism businesses in the territory. It is an initiative of the Europarc Federation that promotes the management and enjoyment of protected natural areas across Europe in a more responsible way towards the land. The Natural Park of the Ter and Freser Headwaters (PNCTF) has been a member of the CETS since 2019, extending the CETS territory to the entire Ripoll\u00e8s region. The Europarc leaflet The European Charter for Sustainable Tourism is a voluntary method and commitment to apply the principles of sustainable tourism, aimed at the managers of protected natural areas and the tourism businesses in the territory. It is an initiative of the Europarc Federation that promotes the management and enjoyment of protected natural areas across Europe in a more responsible way towards the land. The Natural Park of the Ter and Freser Headwaters (PNCTF) has been a member of the CETS since 2019, extending the CETS territory to the entire Ripoll\u00e8s region. The Europarc leaflet Lodges at PNCTF adhered to CETS The PNCTF and the CETS We are committed to more sustainable mobility. Public transport to Ribes de Freser Train The R3 railway line allows you to reach Ribes de Freser from the Cerdanya, Osona, the Vall\u00e8s Oriental and the Barcelon\u00e8s. In Barcelona, it connects with trains to multiple destinations. At La Tor de Querol, it connects with trains from Toulouse, Paris and Conflent. View Timetables Buses The bus service to Ribes de Freser is operated by Autocars Mir. Mir buses The Mir buses connect Ripoll with other bus routes from various destinations. You can find them at: Teisa Bus Alsa The R3 railway line allows you to reach Ribes de Freser from the Cerdanya, Osona, the Vall\u00e8s Oriental and the Barcelon\u00e8s. In Barcelona, it connects with trains to multiple destinations. At La Tor de Querol, it connects with trains from Toulouse, Paris and Conflent. View Timetables The bus service to Ribes de Freser is operated by Autocars Mir. Mir buses The Mir buses connect Ripoll with other bus routes from various destinations. You can find them at: Teisa Bus Alsa * If you stay at El Cau de Ribes, we will pick you up from the train or bus station and you will enjoy benefits during your stay. Get around the valley using public transport. Rack railway to N\u00faria The rack railway connects Ribes de Freser, Queralbs and Vall de N\u00faria. It is a high-mountain journey with incredible scenery and the most comfortable way to reach Vall de N\u00faria. The only alternative is to get there on foot. View Timetables On-demand transport in Vall de Ribes To visit the different villages and hamlets of the valley by bus, there is a demand-responsive transport service that allows you to reach almost all the settlements in the Ribes Valley. You can find timetables and information on how it works at: Request transport Taxis In the Ribes Valley there is a taxi service with various taxis to some of the valley&#8217;s municipalities as well as<\/p>\n","protected":false},"author":1,"featured_media":0,"parent":0,"menu_order":0,"comment_status":"closed","ping_status":"closed","template":"","meta":{"site-sidebar-layout":"no-sidebar","site-content-layout":"","ast-site-content-layout":"full-width-container","site-content-style":"default","site-sidebar-style":"default","ast-global-header-display":"","ast-banner-title-visibility":"","ast-main-header-display":"","ast-hfb-above-header-display":"","ast-hfb-below-header-display":"","ast-hfb-mobile-header-display":"","site-post-title":"disabled","ast-breadcrumbs-content":"","ast-featured-img":"disabled","footer-sml-layout":"","ast-disable-related-posts":"","theme-transparent-header-meta":"","adv-header-id-meta":"","stick-header-meta":"","header-above-stick-meta":"","header-main-stick-meta":"","header-below-stick-meta":"","astra-migrate-meta-layouts":"default","ast-page-background-enabled":"default","ast-page-background-meta":{"desktop":{"background-color":"var(--ast-global-color-5)","background-image":"","background-repeat":"repeat","background-position":"center center","background-size":"auto","background-attachment":"scroll","background-type":"","background-media":"","overlay-type":"","overlay-color":"","overlay-opacity":"","overlay-gradient":""},"tablet":{"background-color":"","background-image":"","background-repeat":"repeat","background-position":"center center","background-size":"auto","background-attachment":"scroll","background-type":"","background-media":"","overlay-type":"","overlay-color":"","overlay-opacity":"","overlay-gradient":""},"mobile":{"background-color":"","background-image":"","background-repeat":"repeat","background-position":"center center","background-size":"auto","background-attachment":"scroll","background-type":"","background-media":"","overlay-type":"","overlay-color":"","overlay-opacity":"","overlay-gradient":""}},"ast-content-background-meta":{"desktop":{"background-color":"var(--ast-global-color-4)","background-image":"","background-repeat":"repeat","background-position":"center center","background-size":"auto","background-attachment":"scroll","background-type":"","background-media":"","overlay-type":"","overlay-color":"","overlay-opacity":"","overlay-gradient":""},"tablet":{"background-color":"var(--ast-global-color-4)","background-image":"","background-repeat":"repeat","background-position":"center center","background-size":"auto","background-attachment":"scroll","background-type":"","background-media":"","overlay-type":"","overlay-color":"","overlay-opacity":"","overlay-gradient":""},"mobile":{"background-color":"var(--ast-global-color-4)","background-image":"","background-repeat":"repeat","background-position":"center center","background-size":"auto","background-attachment":"scroll","background-type":"","background-media":"","overlay-type":"","overlay-color":"","overlay-opacity":"","overlay-gradient":""}},"footnotes":""},"class_list":["post-1569","page","type-page","status-publish","hentry"],"yoast_head":"<!-- This site is optimized with the Yoast SEO plugin v27.5 - https:\/\/yoast.com\/product\/yoast-seo-wordpress\/ -->\n<title>The Project - El Cau de Ribes<\/title>\n<meta name=\"robots\" content=\"index, follow, max-snippet:-1, max-image-preview:large, max-video-preview:-1\" \/>\n<link rel=\"canonical\" href=\"https:\/\/elcauderibes.cat\/en\/the-project\/\" \/>\n<meta property=\"og:locale\" content=\"en_US\" \/>\n<meta property=\"og:type\" content=\"article\" \/>\n<meta property=\"og:title\" content=\"The Project - El Cau de Ribes\" \/>\n<meta property=\"og:description\" content=\"The Project El Cau is more than just an accommodation. It is a personal project by a couple in love with the Ribes Valley. We are Jordi and Marta, a couple passionate about travelling and in love with the mountains, nature and the unique surroundings of Vall de Ribes. We offer you a unique experience through a personalized stay. We offer advice, listening to your interests to help you make the most of your days in the mountains. We&#8217;ll welcome you in person on arrival and, if you wish, we can help you plan and design your explorations, routes and visits according to your preferences. We&#8217;re close to you, just ask! We believe in mindful, respectful and sustainable tourism. That&#8217;s why we offer you comfortable accommodation, thoughtfully designed and equipped to become your own space. We love the local area, and we have formed to understand and explain it, with the aim of contributing to a more mindful and respectful way of travelling. We are an Information Point for the Natural Park of the Ter and Freser Headwaters. El Cau de Ribes is officially accredited as an Information Point for the Natural Park of the Ter and Freser Headwaters. We have taken part in the first edition of the Good Park Knower course and our accommodation has entered into a collaboration agreement with the management body of the PNCTF to contribute to the dissemination and knowledge of visitors to the environment and the values of the park. More info Declared in 2015, this natural park is located in the eastern Pyrenees and covers an area of 14,500 hectares within the Ripoll\u00e8s region. With peaks that reach nearly 3,000 meters, it defines a unique natural space, a typical example of high Pyrenean mountain terrain descending toward the Mediterranean. It is of special significance for its natural and intangible heritage. Itiner\u00e0nnia routes net Itiner\u00e0nnia is a 2,500-kilometer trail network linking the Ripoll\u00e8s, Garrotxa, and Alt Empord\u00e0 regions. Itiner\u00e0nnia Routes in Vall de Ribes Declared in 2015, this natural park is located in the eastern Pyrenees and covers an area of 14,500 hectares within the Ripoll\u00e8s region. With peaks that reach nearly 3,000 meters, it defines a unique natural space, a typical example of high Pyrenean mountain terrain descending toward the Mediterranean. It is of special significance for its natural and intangible heritage. Itiner\u00e0nnia is a 2,500-kilometer trail network linking the Ripoll\u00e8s, Garrotxa, and Alt Empord\u00e0 regions. Itiner\u00e0nnia Routes in Vall de Ribes Official web ot the Natural Park PNCTF Programme of activities PNCTF official wikiloc Adherents to the European Charter for Sustainable Tourism El Cau de Ribes has obtained the CETS certificate as part of the first batch of businesses in Ripoll\u00e8s, making it the only tourist accommodation in the area with this accreditation, and thereby reaffirming our commitment to the environment and the Park. More info The European Charter for Sustainable Tourism is a voluntary method and commitment to apply the principles of sustainable tourism, aimed at the managers of protected natural areas and the tourism businesses in the territory. It is an initiative of the Europarc Federation that promotes the management and enjoyment of protected natural areas across Europe in a more responsible way towards the land. The Natural Park of the Ter and Freser Headwaters (PNCTF) has been a member of the CETS since 2019, extending the CETS territory to the entire Ripoll\u00e8s region. The Europarc leaflet The European Charter for Sustainable Tourism is a voluntary method and commitment to apply the principles of sustainable tourism, aimed at the managers of protected natural areas and the tourism businesses in the territory. It is an initiative of the Europarc Federation that promotes the management and enjoyment of protected natural areas across Europe in a more responsible way towards the land. The Natural Park of the Ter and Freser Headwaters (PNCTF) has been a member of the CETS since 2019, extending the CETS territory to the entire Ripoll\u00e8s region. The Europarc leaflet Lodges at PNCTF adhered to CETS The PNCTF and the CETS We are committed to more sustainable mobility. Public transport to Ribes de Freser Train The R3 railway line allows you to reach Ribes de Freser from the Cerdanya, Osona, the Vall\u00e8s Oriental and the Barcelon\u00e8s. In Barcelona, it connects with trains to multiple destinations. At La Tor de Querol, it connects with trains from Toulouse, Paris and Conflent. View Timetables Buses The bus service to Ribes de Freser is operated by Autocars Mir. Mir buses The Mir buses connect Ripoll with other bus routes from various destinations. You can find them at: Teisa Bus Alsa The R3 railway line allows you to reach Ribes de Freser from the Cerdanya, Osona, the Vall\u00e8s Oriental and the Barcelon\u00e8s. In Barcelona, it connects with trains to multiple destinations. At La Tor de Querol, it connects with trains from Toulouse, Paris and Conflent. View Timetables The bus service to Ribes de Freser is operated by Autocars Mir. Mir buses The Mir buses connect Ripoll with other bus routes from various destinations. You can find them at: Teisa Bus Alsa * If you stay at El Cau de Ribes, we will pick you up from the train or bus station and you will enjoy benefits during your stay. Get around the valley using public transport. Rack railway to N\u00faria The rack railway connects Ribes de Freser, Queralbs and Vall de N\u00faria. It is a high-mountain journey with incredible scenery and the most comfortable way to reach Vall de N\u00faria. The only alternative is to get there on foot. View Timetables On-demand transport in Vall de Ribes To visit the different villages and hamlets of the valley by bus, there is a demand-responsive transport service that allows you to reach almost all the settlements in the Ribes Valley. You can find timetables and information on how it works at: Request transport Taxis In the Ribes Valley there is a taxi service with various taxis to some of the valley&#8217;s municipalities as well as\" \/>\n<meta property=\"og:url\" content=\"https:\/\/elcauderibes.cat\/en\/the-project\/\" \/>\n<meta property=\"og:site_name\" content=\"El Cau de Ribes\" \/>\n<meta property=\"article:modified_time\" content=\"2026-04-14T18:43:23+00:00\" \/>\n<meta property=\"og:image\" content=\"https:\/\/elcauderibes.cat\/wp-content\/uploads\/2026\/02\/El-Cau-de-Ribes-muntanyes-1.png\" \/>\n\t<meta property=\"og:image:width\" content=\"1920\" \/>\n\t<meta property=\"og:image:height\" content=\"187\" \/>\n\t<meta property=\"og:image:type\" content=\"image\/png\" \/>\n<meta name=\"twitter:card\" content=\"summary_large_image\" \/>\n<meta name=\"twitter:label1\" content=\"Est. reading time\" \/>\n\t<meta name=\"twitter:data1\" content=\"6 minutes\" \/>\n<script type=\"application\/ld+json\" class=\"yoast-schema-graph\">{\"@context\":\"https:\\\/\\\/schema.org\",\"@graph\":[{\"@type\":\"WebPage\",\"@id\":\"https:\\\/\\\/elcauderibes.cat\\\/en\\\/the-project\\\/\",\"url\":\"https:\\\/\\\/elcauderibes.cat\\\/en\\\/the-project\\\/\",\"name\":\"The Project - El Cau de Ribes\",\"isPartOf\":{\"@id\":\"https:\\\/\\\/elcauderibes.cat\\\/#website\"},\"primaryImageOfPage\":{\"@id\":\"https:\\\/\\\/elcauderibes.cat\\\/en\\\/the-project\\\/#primaryimage\"},\"image\":{\"@id\":\"https:\\\/\\\/elcauderibes.cat\\\/en\\\/the-project\\\/#primaryimage\"},\"thumbnailUrl\":\"https:\\\/\\\/elcauderibes.cat\\\/wp-content\\\/uploads\\\/2026\\\/02\\\/El-Cau-de-Ribes-muntanyes-1.png\",\"datePublished\":\"2026-02-16T10:34:36+00:00\",\"dateModified\":\"2026-04-14T18:43:23+00:00\",\"breadcrumb\":{\"@id\":\"https:\\\/\\\/elcauderibes.cat\\\/en\\\/the-project\\\/#breadcrumb\"},\"inLanguage\":\"en-US\",\"potentialAction\":[{\"@type\":\"ReadAction\",\"target\":[\"https:\\\/\\\/elcauderibes.cat\\\/en\\\/the-project\\\/\"]}]},{\"@type\":\"ImageObject\",\"inLanguage\":\"en-US\",\"@id\":\"https:\\\/\\\/elcauderibes.cat\\\/en\\\/the-project\\\/#primaryimage\",\"url\":\"https:\\\/\\\/elcauderibes.cat\\\/wp-content\\\/uploads\\\/2026\\\/02\\\/El-Cau-de-Ribes-muntanyes-1.png\",\"contentUrl\":\"https:\\\/\\\/elcauderibes.cat\\\/wp-content\\\/uploads\\\/2026\\\/02\\\/El-Cau-de-Ribes-muntanyes-1.png\"},{\"@type\":\"BreadcrumbList\",\"@id\":\"https:\\\/\\\/elcauderibes.cat\\\/en\\\/the-project\\\/#breadcrumb\",\"itemListElement\":[{\"@type\":\"ListItem\",\"position\":1,\"name\":\"Inici\",\"item\":\"https:\\\/\\\/elcauderibes.cat\\\/\"},{\"@type\":\"ListItem\",\"position\":2,\"name\":\"The Project\"}]},{\"@type\":\"WebSite\",\"@id\":\"https:\\\/\\\/elcauderibes.cat\\\/#website\",\"url\":\"https:\\\/\\\/elcauderibes.cat\\\/\",\"name\":\"El Cau de Ribes\",\"description\":\"Allotjament a Ribes de Freser\",\"publisher\":{\"@id\":\"https:\\\/\\\/elcauderibes.cat\\\/#organization\"},\"potentialAction\":[{\"@type\":\"SearchAction\",\"target\":{\"@type\":\"EntryPoint\",\"urlTemplate\":\"https:\\\/\\\/elcauderibes.cat\\\/?s={search_term_string}\"},\"query-input\":{\"@type\":\"PropertyValueSpecification\",\"valueRequired\":true,\"valueName\":\"search_term_string\"}}],\"inLanguage\":\"en-US\"},{\"@type\":\"Organization\",\"@id\":\"https:\\\/\\\/elcauderibes.cat\\\/#organization\",\"name\":\"El Cau de Ribes\",\"url\":\"https:\\\/\\\/elcauderibes.cat\\\/\",\"logo\":{\"@type\":\"ImageObject\",\"inLanguage\":\"en-US\",\"@id\":\"https:\\\/\\\/elcauderibes.cat\\\/#\\\/schema\\\/logo\\\/image\\\/\",\"url\":\"https:\\\/\\\/elcauderibes.cat\\\/wp-content\\\/uploads\\\/2026\\\/02\\\/El-Cau-de-Ribes-logo-blanc.png\",\"contentUrl\":\"https:\\\/\\\/elcauderibes.cat\\\/wp-content\\\/uploads\\\/2026\\\/02\\\/El-Cau-de-Ribes-logo-blanc.png\",\"width\":150,\"height\":103,\"caption\":\"El Cau de Ribes\"},\"image\":{\"@id\":\"https:\\\/\\\/elcauderibes.cat\\\/#\\\/schema\\\/logo\\\/image\\\/\"}}]}<\/script>\n<!-- \/ Yoast SEO plugin. -->","yoast_head_json":{"title":"The Project - El Cau de Ribes","robots":{"index":"index","follow":"follow","max-snippet":"max-snippet:-1","max-image-preview":"max-image-preview:large","max-video-preview":"max-video-preview:-1"},"canonical":"https:\/\/elcauderibes.cat\/en\/the-project\/","og_locale":"en_US","og_type":"article","og_title":"The Project - El Cau de Ribes","og_description":"The Project El Cau is more than just an accommodation. It is a personal project by a couple in love with the Ribes Valley. We are Jordi and Marta, a couple passionate about travelling and in love with the mountains, nature and the unique surroundings of Vall de Ribes. We offer you a unique experience through a personalized stay. We offer advice, listening to your interests to help you make the most of your days in the mountains. We&#8217;ll welcome you in person on arrival and, if you wish, we can help you plan and design your explorations, routes and visits according to your preferences. We&#8217;re close to you, just ask! We believe in mindful, respectful and sustainable tourism. That&#8217;s why we offer you comfortable accommodation, thoughtfully designed and equipped to become your own space. We love the local area, and we have formed to understand and explain it, with the aim of contributing to a more mindful and respectful way of travelling. We are an Information Point for the Natural Park of the Ter and Freser Headwaters. El Cau de Ribes is officially accredited as an Information Point for the Natural Park of the Ter and Freser Headwaters. We have taken part in the first edition of the Good Park Knower course and our accommodation has entered into a collaboration agreement with the management body of the PNCTF to contribute to the dissemination and knowledge of visitors to the environment and the values of the park. More info Declared in 2015, this natural park is located in the eastern Pyrenees and covers an area of 14,500 hectares within the Ripoll\u00e8s region. With peaks that reach nearly 3,000 meters, it defines a unique natural space, a typical example of high Pyrenean mountain terrain descending toward the Mediterranean. It is of special significance for its natural and intangible heritage. Itiner\u00e0nnia routes net Itiner\u00e0nnia is a 2,500-kilometer trail network linking the Ripoll\u00e8s, Garrotxa, and Alt Empord\u00e0 regions. Itiner\u00e0nnia Routes in Vall de Ribes Declared in 2015, this natural park is located in the eastern Pyrenees and covers an area of 14,500 hectares within the Ripoll\u00e8s region. With peaks that reach nearly 3,000 meters, it defines a unique natural space, a typical example of high Pyrenean mountain terrain descending toward the Mediterranean. It is of special significance for its natural and intangible heritage. Itiner\u00e0nnia is a 2,500-kilometer trail network linking the Ripoll\u00e8s, Garrotxa, and Alt Empord\u00e0 regions. Itiner\u00e0nnia Routes in Vall de Ribes Official web ot the Natural Park PNCTF Programme of activities PNCTF official wikiloc Adherents to the European Charter for Sustainable Tourism El Cau de Ribes has obtained the CETS certificate as part of the first batch of businesses in Ripoll\u00e8s, making it the only tourist accommodation in the area with this accreditation, and thereby reaffirming our commitment to the environment and the Park. More info The European Charter for Sustainable Tourism is a voluntary method and commitment to apply the principles of sustainable tourism, aimed at the managers of protected natural areas and the tourism businesses in the territory. It is an initiative of the Europarc Federation that promotes the management and enjoyment of protected natural areas across Europe in a more responsible way towards the land. The Natural Park of the Ter and Freser Headwaters (PNCTF) has been a member of the CETS since 2019, extending the CETS territory to the entire Ripoll\u00e8s region. The Europarc leaflet The European Charter for Sustainable Tourism is a voluntary method and commitment to apply the principles of sustainable tourism, aimed at the managers of protected natural areas and the tourism businesses in the territory. It is an initiative of the Europarc Federation that promotes the management and enjoyment of protected natural areas across Europe in a more responsible way towards the land. The Natural Park of the Ter and Freser Headwaters (PNCTF) has been a member of the CETS since 2019, extending the CETS territory to the entire Ripoll\u00e8s region. The Europarc leaflet Lodges at PNCTF adhered to CETS The PNCTF and the CETS We are committed to more sustainable mobility. Public transport to Ribes de Freser Train The R3 railway line allows you to reach Ribes de Freser from the Cerdanya, Osona, the Vall\u00e8s Oriental and the Barcelon\u00e8s. In Barcelona, it connects with trains to multiple destinations. At La Tor de Querol, it connects with trains from Toulouse, Paris and Conflent. View Timetables Buses The bus service to Ribes de Freser is operated by Autocars Mir. Mir buses The Mir buses connect Ripoll with other bus routes from various destinations. You can find them at: Teisa Bus Alsa The R3 railway line allows you to reach Ribes de Freser from the Cerdanya, Osona, the Vall\u00e8s Oriental and the Barcelon\u00e8s. In Barcelona, it connects with trains to multiple destinations. At La Tor de Querol, it connects with trains from Toulouse, Paris and Conflent. View Timetables The bus service to Ribes de Freser is operated by Autocars Mir. Mir buses The Mir buses connect Ripoll with other bus routes from various destinations. You can find them at: Teisa Bus Alsa * If you stay at El Cau de Ribes, we will pick you up from the train or bus station and you will enjoy benefits during your stay. Get around the valley using public transport. Rack railway to N\u00faria The rack railway connects Ribes de Freser, Queralbs and Vall de N\u00faria. It is a high-mountain journey with incredible scenery and the most comfortable way to reach Vall de N\u00faria. The only alternative is to get there on foot. View Timetables On-demand transport in Vall de Ribes To visit the different villages and hamlets of the valley by bus, there is a demand-responsive transport service that allows you to reach almost all the settlements in the Ribes Valley. You can find timetables and information on how it works at: Request transport Taxis In the Ribes Valley there is a taxi service with various taxis to some of the valley&#8217;s municipalities as well as","og_url":"https:\/\/elcauderibes.cat\/en\/the-project\/","og_site_name":"El Cau de Ribes","article_modified_time":"2026-04-14T18:43:23+00:00","og_image":[{"width":1920,"height":187,"url":"https:\/\/elcauderibes.cat\/wp-content\/uploads\/2026\/02\/El-Cau-de-Ribes-muntanyes-1.png","type":"image\/png"}],"twitter_card":"summary_large_image","twitter_misc":{"Est. reading time":"6 minutes"},"schema":{"@context":"https:\/\/schema.org","@graph":[{"@type":"WebPage","@id":"https:\/\/elcauderibes.cat\/en\/the-project\/","url":"https:\/\/elcauderibes.cat\/en\/the-project\/","name":"The Project - El Cau de Ribes","isPartOf":{"@id":"https:\/\/elcauderibes.cat\/#website"},"primaryImageOfPage":{"@id":"https:\/\/elcauderibes.cat\/en\/the-project\/#primaryimage"},"image":{"@id":"https:\/\/elcauderibes.cat\/en\/the-project\/#primaryimage"},"thumbnailUrl":"https:\/\/elcauderibes.cat\/wp-content\/uploads\/2026\/02\/El-Cau-de-Ribes-muntanyes-1.png","datePublished":"2026-02-16T10:34:36+00:00","dateModified":"2026-04-14T18:43:23+00:00","breadcrumb":{"@id":"https:\/\/elcauderibes.cat\/en\/the-project\/#breadcrumb"},"inLanguage":"en-US","potentialAction":[{"@type":"ReadAction","target":["https:\/\/elcauderibes.cat\/en\/the-project\/"]}]},{"@type":"ImageObject","inLanguage":"en-US","@id":"https:\/\/elcauderibes.cat\/en\/the-project\/#primaryimage","url":"https:\/\/elcauderibes.cat\/wp-content\/uploads\/2026\/02\/El-Cau-de-Ribes-muntanyes-1.png","contentUrl":"https:\/\/elcauderibes.cat\/wp-content\/uploads\/2026\/02\/El-Cau-de-Ribes-muntanyes-1.png"},{"@type":"BreadcrumbList","@id":"https:\/\/elcauderibes.cat\/en\/the-project\/#breadcrumb","itemListElement":[{"@type":"ListItem","position":1,"name":"Inici","item":"https:\/\/elcauderibes.cat\/"},{"@type":"ListItem","position":2,"name":"The Project"}]},{"@type":"WebSite","@id":"https:\/\/elcauderibes.cat\/#website","url":"https:\/\/elcauderibes.cat\/","name":"El Cau de Ribes","description":"Allotjament a Ribes de Freser","publisher":{"@id":"https:\/\/elcauderibes.cat\/#organization"},"potentialAction":[{"@type":"SearchAction","target":{"@type":"EntryPoint","urlTemplate":"https:\/\/elcauderibes.cat\/?s={search_term_string}"},"query-input":{"@type":"PropertyValueSpecification","valueRequired":true,"valueName":"search_term_string"}}],"inLanguage":"en-US"},{"@type":"Organization","@id":"https:\/\/elcauderibes.cat\/#organization","name":"El Cau de Ribes","url":"https:\/\/elcauderibes.cat\/","logo":{"@type":"ImageObject","inLanguage":"en-US","@id":"https:\/\/elcauderibes.cat\/#\/schema\/logo\/image\/","url":"https:\/\/elcauderibes.cat\/wp-content\/uploads\/2026\/02\/El-Cau-de-Ribes-logo-blanc.png","contentUrl":"https:\/\/elcauderibes.cat\/wp-content\/uploads\/2026\/02\/El-Cau-de-Ribes-logo-blanc.png","width":150,"height":103,"caption":"El Cau de Ribes"},"image":{"@id":"https:\/\/elcauderibes.cat\/#\/schema\/logo\/image\/"}}]}},"_links":{"self":[{"href":"https:\/\/elcauderibes.cat\/en\/wp-json\/wp\/v2\/pages\/1569","targetHints":{"allow":["GET"]}}],"collection":[{"href":"https:\/\/elcauderibes.cat\/en\/wp-json\/wp\/v2\/pages"}],"about":[{"href":"https:\/\/elcauderibes.cat\/en\/wp-json\/wp\/v2\/types\/page"}],"author":[{"embeddable":true,"href":"https:\/\/elcauderibes.cat\/en\/wp-json\/wp\/v2\/users\/1"}],"replies":[{"embeddable":true,"href":"https:\/\/elcauderibes.cat\/en\/wp-json\/wp\/v2\/comments?post=1569"}],"version-history":[{"count":4,"href":"https:\/\/elcauderibes.cat\/en\/wp-json\/wp\/v2\/pages\/1569\/revisions"}],"predecessor-version":[{"id":1594,"href":"https:\/\/elcauderibes.cat\/en\/wp-json\/wp\/v2\/pages\/1569\/revisions\/1594"}],"wp:attachment":[{"href":"https:\/\/elcauderibes.cat\/en\/wp-json\/wp\/v2\/media?parent=1569"}],"curies":[{"name":"wp","href":"https:\/\/api.w.org\/{rel}","templated":true}]}}